{"id":11533,"date":"2025-12-05T23:43:52","date_gmt":"2025-12-06T01:43:52","guid":{"rendered":"https:\/\/utrechtnoordwest.net\/f47d184a-febd-11ef-b56c-6b1e8a3c0b04\/?page_id=11533"},"modified":"2025-12-07T23:44:24","modified_gmt":"2025-12-08T01:44:24","slug":"nieuwsbrief-wijkwijzer-noordoost","status":"publish","type":"page","link":"https:\/\/utrechtnoordwest.net\/f47d184a-febd-11ef-b56c-6b1e8a3c0b04\/nieuwsbrief-wijkwijzer-noordoost\/","title":{"rendered":"Nieuwsbrief wijkwijzer Noordoost"},"content":{"rendered":"<table class=\"v1main_table\" width=\"660\" cellspacing=\"0\" cellpadding=\"0\">\n<tbody>\n<tr>\n<td>Een nieuwsbrief met een greep uit de agenda en de nieuwsberichten op Wijkwijzernoordoost! De site is voor en door bewoners, leuk dat steeds meer mensen de weg weten te vinden, zie bijvoorbeeld deze oproep van\u00a0<a href=\"https:\/\/wijkwijzernoordoost.nl\/activiteit\/95301\/volleyballen\" target=\"_blank\" rel=\"noopener noreferrer\">volleybalclub Hands-Up<\/a>.<\/p>\n<p>Op de site staat meer: zo zijn er\u00a0<a href=\"https:\/\/wijkwijzernoordoost.nl\/wijkwijzerkaart\" target=\"_blank\" rel=\"noopener noreferrer\">wijkwijzerkaarten<\/a>\u00a0met verschillende thema&#8217;s. Om up-to-date het nieuwe jaar in te gaan zoeken we &#8216;kaartcontroleurs&#8217;. Heb je even tijd? Klik op \u00e9\u00e9n van de onderwerpen die aanspreekt. Kijk \/ klik even rond. Kom je iets tegen wat niet klopt?\u00a0<a href=\"mailto:info@wijkwijzernoordoost.nl\" rel=\"noreferrer\">Laat het weten<\/a>, dan passen we het aan! Ook aanvullingen zijn welkom, fijn als we elkaar als buurtbewoners kunnen helpen met &#8216;handige adresjes&#8217;.<\/p>\n<p>Het zijn de donkere dagen voor kerst, maar in de wijk wordt gelukkig veel georganiseerd met lichtjes en gezelligheid en samen eten. Kom bijvoorbeeld zaterdag 13 december naar de\u00a0<a href=\"https:\/\/wijkwijzernoordoost.nl\/activiteit\/94599\/kerstfair---tweedehandskledingmarkt\" target=\"_blank\" rel=\"noopener noreferrer\">kerstfair-kledingmarkt<\/a>\u00a0en geniet van de\u00a0<a href=\"https:\/\/wijkwijzernoordoost.nl\/activiteit\/94983\/pio-lichtjestocht-2025\" target=\"_blank\" rel=\"noopener noreferrer\">mooi verlichte tuinen<\/a>\u00a0bij de Pioniers op 14 december. In buurtcentrum de Leeuw zijn er\u00a0<a href=\"https:\/\/wijkwijzernoordoost.nl\/activiteit\/95472\/kerstdiner---samen-eten-in-buurtcentrum-de-leeuw\" target=\"_blank\" rel=\"noopener noreferrer\">kerstdiners<\/a>\u00a0op 16 en 18 december. Een traditie is\u00a0<a href=\"https:\/\/wijkwijzernoordoost.nl\/message\/104723\/gezocht--jozef--maria--herders-en-helpers-\" target=\"_blank\" rel=\"noopener noreferrer\">de levende kerststal<\/a>\u00a0in Griftsteede op kerstavond: help je ook een uurtje mee?\u00a0<a href=\"https:\/\/wijkwijzernoordoost.nl\/message\/104713\/heerlijk-buurtmaal-en-meer--kerstbrunch-en-nieuwjaar\" target=\"_blank\" rel=\"noopener noreferrer\">Kerstbrunchen<\/a>\u00a0kan bij Vonk.<\/p>\n<p>Wat ook speelt in de wijk is de energietransitie: heel Noordoost heeft de &#8216;van het gas af&#8217; brief inmiddels in de bus gekregen. Vragen? Kom naar de inloopbijeenkomsten:\u00a0<a href=\"https:\/\/wijkwijzernoordoost.nl\/activiteit\/95096\/aardgasvrij-informatie-inloop-10-dec--hygge---votulast\" target=\"_blank\" rel=\"noopener noreferrer\">10 december in Votulast<\/a>,\u00a0<a href=\"https:\/\/wijkwijzernoordoost.nl\/activiteit\/95097\/aardgasvrij-informatie-inloop-17-dec--tuindorpkerk---tuindorp-voordorp\" target=\"_blank\" rel=\"noopener noreferrer\">17 december in Tuindorp<\/a>.<\/p>\n<p>Veel leesplezier gewenst!<\/td>\n<td class=\"v1main_margin\" width=\"15\"><\/td>\n<\/tr>\n<tr>\n<td class=\"v1main_margin\" width=\"15\"><\/td>\n<td>Uitgelicht<\/td>\n<td class=\"v1main_margin\" width=\"15\"><\/td>\n<\/tr>\n<tr>\n<td class=\"v1main_margin\" width=\"15\"><\/td>\n<td>\n<table cellspacing=\"0\" cellpadding=\"0\">\n<tbody>\n<tr class=\"v1item\">\n<td class=\"v1item-left\" align=\"center\" valign=\"top\" width=\"175\"><a href=\"https:\/\/wijkwijzernoordoost.nl\/activiteit\/94983\/pio-lichtjestocht-2025\" target=\"_blank\" rel=\"noopener noreferrer\"><img decoding=\"async\" src=\"https:\/\/imesmits.net\/ffd09c2e-b10a-11ed-9fd5-d7a7c9941cc6\/program\/resources\/blocked.gif\" alt=\"foto\" width=\"155\" \/><\/a><\/td>\n<td class=\"v1item-right\" valign=\"top\">\n<table cellspacing=\"0\" cellpadding=\"0\">\n<tbody>\n<tr>\n<td colspan=\"2\"><a href=\"https:\/\/wijkwijzernoordoost.nl\/activiteit\/94983\/pio-lichtjestocht-2025\" target=\"_blank\" rel=\"noopener noreferrer\">Pio Lichtjestocht 2025<\/a><\/td>\n<td align=\"right\"><\/td>\n<\/tr>\n<tr>\n<td colspan=\"2\"><a href=\"https:\/\/wijkwijzernoordoost.nl\/activiteit\/94983\/pio-lichtjestocht-2025\" target=\"_blank\" rel=\"noopener noreferrer\"><b>zondag 14 december 2025<\/b>\u00a016:30 uur, Tuinenpark De Pioniers<\/a><\/td>\n<\/tr>\n<tr>\n<td colspan=\"2\">&nbsp;<\/p>\n<p><a href=\"https:\/\/wijkwijzernoordoost.nl\/activiteit\/94983\/pio-lichtjestocht-2025\" target=\"_blank\" rel=\"noopener noreferrer\">Zondag 14 december 2025 worden de tuinen in Tuinenpark de Pioniers feestelijk verlicht: een sfeervolle avond met lichtjes, levende muziek van een theaterkoor, chocomel en gl\u00fchwein. Geniet van het tuinenpark in winterse sfeer! Vorig jaar was de Pionie&#8230;<\/a><\/td>\n<\/tr>\n<\/tbody>\n<\/table>\n<\/td>\n<\/tr>\n<\/tbody>\n<\/table>\n<table cellspacing=\"0\" cellpadding=\"0\">\n<tbody>\n<tr class=\"v1item\">\n<td class=\"v1item-left\" align=\"center\" valign=\"top\" width=\"175\"><a href=\"https:\/\/wijkwijzernoordoost.nl\/activiteit\/86419\/gezellige-vrijmibo-in-hartje-wittevrouwen-\" target=\"_blank\" rel=\"noopener noreferrer\"><img decoding=\"async\" src=\"https:\/\/imesmits.net\/ffd09c2e-b10a-11ed-9fd5-d7a7c9941cc6\/program\/resources\/blocked.gif\" alt=\"foto\" width=\"155\" \/><\/a><\/td>\n<td class=\"v1item-right\" valign=\"top\">\n<table cellspacing=\"0\" cellpadding=\"0\">\n<tbody>\n<tr>\n<td colspan=\"2\"><a href=\"https:\/\/wijkwijzernoordoost.nl\/activiteit\/86419\/gezellige-vrijmibo-in-hartje-wittevrouwen-\" target=\"_blank\" rel=\"noopener noreferrer\">Gezellige vrijmibo in hartje Wittevrouwen!<\/a><\/td>\n<td align=\"right\"><\/td>\n<\/tr>\n<tr>\n<td colspan=\"2\"><a href=\"https:\/\/wijkwijzernoordoost.nl\/activiteit\/86419\/gezellige-vrijmibo-in-hartje-wittevrouwen-\" target=\"_blank\" rel=\"noopener noreferrer\"><b>vrijdag 19 december 2025<\/b>\u00a016:00 uur, Kostershuis<\/a><\/td>\n<\/tr>\n<tr>\n<td colspan=\"2\">&nbsp;<\/p>\n<p><a href=\"https:\/\/wijkwijzernoordoost.nl\/activiteit\/86419\/gezellige-vrijmibo-in-hartje-wittevrouwen-\" target=\"_blank\" rel=\"noopener noreferrer\">De werkweek zit erop, tijd om te ontspannen en het weekend in te luiden! Daarom is er nu elke maand een Vrijdagmiddagborrel (Vrijmibo) met de buurt. Een gezellige en laagdrempelige manier om elkaar beter te leren kennen, bij te praten en samen te gen&#8230;<\/a><\/td>\n<\/tr>\n<\/tbody>\n<\/table>\n<\/td>\n<\/tr>\n<\/tbody>\n<\/table>\n<table cellspacing=\"0\" cellpadding=\"0\">\n<tbody>\n<tr class=\"v1item\">\n<td class=\"v1item-left\" align=\"center\" valign=\"top\" width=\"175\"><a href=\"https:\/\/wijkwijzernoordoost.nl\/vraag\/3475\/wie-wil-voor-onze-wandelgroep-oefeningen-bedenken-en-begeleiden-\" target=\"_blank\" rel=\"noopener noreferrer\"><img decoding=\"async\" src=\"https:\/\/imesmits.net\/ffd09c2e-b10a-11ed-9fd5-d7a7c9941cc6\/program\/resources\/blocked.gif\" alt=\"foto\" width=\"155\" \/><\/a><\/td>\n<td class=\"v1item-right\" valign=\"top\">\n<table cellspacing=\"0\" cellpadding=\"0\">\n<tbody>\n<tr>\n<td colspan=\"2\"><a href=\"https:\/\/wijkwijzernoordoost.nl\/vraag\/3475\/wie-wil-voor-onze-wandelgroep-oefeningen-bedenken-en-begeleiden-\" target=\"_blank\" rel=\"noopener noreferrer\">Wie wil voor onze wandelgroep oefeningen bedenken en begeleiden?<\/a><\/td>\n<td align=\"right\"><\/td>\n<\/tr>\n<tr>\n<td colspan=\"2\">&nbsp;<\/p>\n<p><a href=\"https:\/\/wijkwijzernoordoost.nl\/vraag\/3475\/wie-wil-voor-onze-wandelgroep-oefeningen-bedenken-en-begeleiden-\" target=\"_blank\" rel=\"noopener noreferrer\">Begeleider gezocht! Voor onze wandelgroep zoeken we een vrijwilliger die het leuk vindt om laagdrempelige oefeningen voor spierkracht en balans te bedenken en te begeleiden. Onze gezellige wandelgroep -loopt elke woensdag van 10.30 tot 11.30 een rond&#8230;<\/a><\/td>\n<\/tr>\n<\/tbody>\n<\/table>\n<\/td>\n<\/tr>\n<\/tbody>\n<\/table>\n<\/td>\n<td class=\"v1main_margin\" width=\"15\"><\/td>\n<\/tr>\n<tr>\n<td class=\"v1main_margin\" width=\"15\"><\/td>\n<td>Maatschappelijke berichten<\/td>\n<td class=\"v1main_margin\" width=\"15\"><\/td>\n<\/tr>\n<tr>\n<td class=\"v1main_margin\" width=\"15\"><\/td>\n<td>\n<table cellspacing=\"0\" cellpadding=\"0\">\n<tbody>\n<tr class=\"v1item\">\n<td class=\"v1item-left\" align=\"center\" valign=\"top\" width=\"175\"><a href=\"https:\/\/wijkwijzernoordoost.nl\/message\/104723\/gezocht--jozef--maria--herders-en-helpers-\" target=\"_blank\" rel=\"noopener noreferrer\"><img decoding=\"async\" src=\"https:\/\/imesmits.net\/ffd09c2e-b10a-11ed-9fd5-d7a7c9941cc6\/program\/resources\/blocked.gif\" alt=\"foto\" width=\"155\" \/><\/a><\/td>\n<td class=\"v1item-right\" valign=\"top\">\n<table cellspacing=\"0\" cellpadding=\"0\">\n<tbody>\n<tr>\n<td colspan=\"2\"><a href=\"https:\/\/wijkwijzernoordoost.nl\/message\/104723\/gezocht--jozef--maria--herders-en-helpers-\" target=\"_blank\" rel=\"noopener noreferrer\">Gezocht: Jozef, Maria, herders en helpers!<\/a><\/td>\n<td align=\"right\"><\/td>\n<\/tr>\n<tr>\n<td colspan=\"2\">&nbsp;<\/p>\n<p><a href=\"https:\/\/wijkwijzernoordoost.nl\/message\/104723\/gezocht--jozef--maria--herders-en-helpers-\" target=\"_blank\" rel=\"noopener noreferrer\">Het is een jaarlijkse traditie: de levende kerststal in Griftsteede op kerstavond 24 december tussen 17-19 uur. Mooi om een kijkje in de stal te nemen en met buurtgenoten een warme chocomel of gluhwein te drinken. Bekijk de poppenkastvoorstelling van&#8230;<\/a><\/td>\n<\/tr>\n<\/tbody>\n<\/table>\n<\/td>\n<\/tr>\n<\/tbody>\n<\/table>\n<table cellspacing=\"0\" cellpadding=\"0\">\n<tbody>\n<tr class=\"v1item\">\n<td class=\"v1item-left\" align=\"center\" valign=\"top\" width=\"175\"><a href=\"https:\/\/wijkwijzernoordoost.nl\/message\/104713\/heerlijk-buurtmaal-en-meer--kerstbrunch-en-nieuwjaar\" target=\"_blank\" rel=\"noopener noreferrer\"><img decoding=\"async\" src=\"https:\/\/imesmits.net\/ffd09c2e-b10a-11ed-9fd5-d7a7c9941cc6\/program\/resources\/blocked.gif\" alt=\"foto\" width=\"155\" \/><\/a><\/td>\n<td class=\"v1item-right\" valign=\"top\">\n<table cellspacing=\"0\" cellpadding=\"0\">\n<tbody>\n<tr>\n<td colspan=\"2\"><a href=\"https:\/\/wijkwijzernoordoost.nl\/message\/104713\/heerlijk-buurtmaal-en-meer--kerstbrunch-en-nieuwjaar\" target=\"_blank\" rel=\"noopener noreferrer\">Heerlijk Buurtmaal en meer: kerstbrunch en nieuwjaar<\/a><\/td>\n<td align=\"right\"><\/td>\n<\/tr>\n<tr>\n<td colspan=\"2\">&nbsp;<\/p>\n<p><a href=\"https:\/\/wijkwijzernoordoost.nl\/message\/104713\/heerlijk-buurtmaal-en-meer--kerstbrunch-en-nieuwjaar\" target=\"_blank\" rel=\"noopener noreferrer\">Op 19 november ging het Buurtmaal Griftpark flitsend van start. Dat was echt heel gezellig en lekker! Er waren 64 mensen en we aten Marokkaanse linzensoep, wortelsalade en Turks brood&#8230;. Dank aan de super ploeg vrijwilligers die niet alleen een heer&#8230;<\/a><\/td>\n<\/tr>\n<\/tbody>\n<\/table>\n<\/td>\n<\/tr>\n<\/tbody>\n<\/table>\n<table cellspacing=\"0\" cellpadding=\"0\">\n<tbody>\n<tr class=\"v1item\">\n<td class=\"v1item-left\" align=\"center\" valign=\"top\" width=\"175\"><a href=\"https:\/\/wijkwijzernoordoost.nl\/message\/104616\/van-zelfredzaamheid-naar-samenredzaamheid\" target=\"_blank\" rel=\"noopener noreferrer\"><img decoding=\"async\" src=\"https:\/\/imesmits.net\/ffd09c2e-b10a-11ed-9fd5-d7a7c9941cc6\/program\/resources\/blocked.gif\" alt=\"foto\" width=\"155\" \/><\/a><\/td>\n<td class=\"v1item-right\" valign=\"top\">\n<table cellspacing=\"0\" cellpadding=\"0\">\n<tbody>\n<tr>\n<td colspan=\"2\"><a href=\"https:\/\/wijkwijzernoordoost.nl\/message\/104616\/van-zelfredzaamheid-naar-samenredzaamheid\" target=\"_blank\" rel=\"noopener noreferrer\">Van zelfredzaamheid naar samenredzaamheid<\/a><\/td>\n<td align=\"right\"><\/td>\n<\/tr>\n<tr>\n<td colspan=\"2\">&nbsp;<\/p>\n<p><a href=\"https:\/\/wijkwijzernoordoost.nl\/message\/104616\/van-zelfredzaamheid-naar-samenredzaamheid\" target=\"_blank\" rel=\"noopener noreferrer\">Wat als de stroom uitvalt? Anco de Rooij van de gemeente Utrecht is (onder andere) projectleider noodsteunpunten. Hij vertelt bewoners in Paviljoen van Tuinenpark Ons Buiten in Voordorp hoe de gemeente nu bezig is met hoe bewoners voor te bereiden op&#8230;<\/a><\/td>\n<\/tr>\n<\/tbody>\n<\/table>\n<\/td>\n<\/tr>\n<\/tbody>\n<\/table>\n<\/td>\n<td class=\"v1main_margin\" width=\"15\"><\/td>\n<\/tr>\n<tr>\n<td class=\"v1main_margin\" width=\"15\"><\/td>\n<td>Nieuwe activiteiten de komende 13 dagen<\/td>\n<td class=\"v1main_margin\" width=\"15\"><\/td>\n<\/tr>\n<tr>\n<td class=\"v1main_margin\" width=\"15\"><\/td>\n<td>\n<table cellspacing=\"0\" cellpadding=\"0\">\n<tbody>\n<tr class=\"v1item\">\n<td class=\"v1item-left\" align=\"center\" valign=\"top\" width=\"175\"><a href=\"https:\/\/wijkwijzernoordoost.nl\/activiteit\/91785\/muziekcafe--42--in-caf%C3%A9-averechts\" target=\"_blank\" rel=\"noopener noreferrer\"><img decoding=\"async\" src=\"https:\/\/imesmits.net\/ffd09c2e-b10a-11ed-9fd5-d7a7c9941cc6\/program\/resources\/blocked.gif\" alt=\"foto\" width=\"155\" \/><\/a><\/td>\n<td class=\"v1item-right\" valign=\"top\">\n<table cellspacing=\"0\" cellpadding=\"0\">\n<tbody>\n<tr>\n<td colspan=\"2\"><a href=\"https:\/\/wijkwijzernoordoost.nl\/activiteit\/91785\/muziekcafe--42--in-caf%C3%A9-averechts\" target=\"_blank\" rel=\"noopener noreferrer\">Muziekcafe &#8217;42&#8217; in Caf\u00e9 Averechts<\/a><\/td>\n<td align=\"right\"><\/td>\n<\/tr>\n<tr>\n<td colspan=\"2\"><a href=\"https:\/\/wijkwijzernoordoost.nl\/activiteit\/91785\/muziekcafe--42--in-caf%C3%A9-averechts\" target=\"_blank\" rel=\"noopener noreferrer\"><b>zondag 7 december 2025<\/b>\u00a015:00 uur, Caf\u00e9 Averechts<\/a><\/td>\n<\/tr>\n<tr>\n<td colspan=\"2\">&nbsp;<\/p>\n<p><a href=\"https:\/\/wijkwijzernoordoost.nl\/activiteit\/91785\/muziekcafe--42--in-caf%C3%A9-averechts\" target=\"_blank\" rel=\"noopener noreferrer\">Kom live muziek luisteren bij Muziekcafe &#8217;42&#8217; in Cafe Averechts \u00a0 zondagmiddag van 15:00 &#8211; 17:30 De volgende artiesten gaan optreden: zondag 28 september\u00a0 Henk Williams Roos Henry Glissenaar Jesse Hasebos zondag 2 november Red Oak Troubadours Adromedaris Aver&#8230;<\/a><\/td>\n<\/tr>\n<\/tbody>\n<\/table>\n<\/td>\n<\/tr>\n<\/tbody>\n<\/table>\n<table cellspacing=\"0\" cellpadding=\"0\">\n<tbody>\n<tr class=\"v1item\">\n<td class=\"v1item-left\" align=\"center\" valign=\"top\" width=\"175\"><a href=\"https:\/\/wijkwijzernoordoost.nl\/activiteit\/78986\/inloopspreekuur-geldzorgen\" target=\"_blank\" rel=\"noopener noreferrer\"><img decoding=\"async\" src=\"https:\/\/imesmits.net\/ffd09c2e-b10a-11ed-9fd5-d7a7c9941cc6\/program\/resources\/blocked.gif\" alt=\"foto\" width=\"155\" \/><\/a><\/td>\n<td class=\"v1item-right\" valign=\"top\">\n<table cellspacing=\"0\" cellpadding=\"0\">\n<tbody>\n<tr>\n<td colspan=\"2\"><a href=\"https:\/\/wijkwijzernoordoost.nl\/activiteit\/78986\/inloopspreekuur-geldzorgen\" target=\"_blank\" rel=\"noopener noreferrer\">Inloopspreekuur Geldzorgen<\/a><\/td>\n<td align=\"right\"><\/td>\n<\/tr>\n<tr>\n<td colspan=\"2\"><a href=\"https:\/\/wijkwijzernoordoost.nl\/activiteit\/78986\/inloopspreekuur-geldzorgen\" target=\"_blank\" rel=\"noopener noreferrer\"><b>maandag 8 december 2025<\/b>\u00a013:00 uur, Buurtcentrum De Leeuw<\/a><\/td>\n<\/tr>\n<tr>\n<td colspan=\"2\">&nbsp;<\/p>\n<p><a href=\"https:\/\/wijkwijzernoordoost.nl\/activiteit\/78986\/inloopspreekuur-geldzorgen\" target=\"_blank\" rel=\"noopener noreferrer\">Elke maandag en donderdag geeft ervaringsdeskundige Tonio advies bij geldzorgen. Hulp nodig bij het aanvragen van zorg-, huur- of energietoeslag? Wil je onderzoeken hoe je zuiniger kunt leven? Heb je problemen met de\u00a0 verhuurder? Loop gerust eens lan&#8230;<\/a><\/td>\n<\/tr>\n<\/tbody>\n<\/table>\n<\/td>\n<\/tr>\n<\/tbody>\n<\/table>\n<table cellspacing=\"0\" cellpadding=\"0\">\n<tbody>\n<tr class=\"v1item\">\n<td class=\"v1item-left\" align=\"center\" valign=\"top\" width=\"175\"><a href=\"https:\/\/wijkwijzernoordoost.nl\/activiteit\/92265\/kraan-vogel-qi-gong-buurthuis-het-wevehuis\" target=\"_blank\" rel=\"noopener noreferrer\"><img decoding=\"async\" src=\"https:\/\/imesmits.net\/ffd09c2e-b10a-11ed-9fd5-d7a7c9941cc6\/program\/resources\/blocked.gif\" alt=\"foto\" width=\"155\" \/><\/a><\/td>\n<td class=\"v1item-right\" valign=\"top\">\n<table cellspacing=\"0\" cellpadding=\"0\">\n<tbody>\n<tr>\n<td colspan=\"2\"><a href=\"https:\/\/wijkwijzernoordoost.nl\/activiteit\/92265\/kraan-vogel-qi-gong-buurthuis-het-wevehuis\" target=\"_blank\" rel=\"noopener noreferrer\">Kraan Vogel Qi Gong Buurthuis Het Wevehuis<\/a><\/td>\n<td align=\"right\"><\/td>\n<\/tr>\n<tr>\n<td colspan=\"2\"><a href=\"https:\/\/wijkwijzernoordoost.nl\/activiteit\/92265\/kraan-vogel-qi-gong-buurthuis-het-wevehuis\" target=\"_blank\" rel=\"noopener noreferrer\"><b>maandag 8 december 2025<\/b>\u00a014:00 uur, Buurthuis het Wevehuis<\/a><\/td>\n<\/tr>\n<tr>\n<td colspan=\"2\">&nbsp;<\/p>\n<p><a href=\"https:\/\/wijkwijzernoordoost.nl\/activiteit\/92265\/kraan-vogel-qi-gong-buurthuis-het-wevehuis\" target=\"_blank\" rel=\"noopener noreferrer\">Op maandagmiddag is er een introductieles &#8220;Kraanvogel Qi Gong&#8221; met aansluitend in de huiskamer van Buurthuis Het Wevehuis een kopje thee of koffie waarbij we kunnen napraten. Tijd: \u00a0\u00a0\u00a0\u00a014:00-15:00 uur\u00a0 THEE \/ KOFFIE drinken van beide groepen 15.00-15&#8230;<\/a><\/td>\n<\/tr>\n<\/tbody>\n<\/table>\n<\/td>\n<\/tr>\n<\/tbody>\n<\/table>\n<table cellspacing=\"0\" cellpadding=\"0\">\n<tbody>\n<tr class=\"v1item\">\n<td class=\"v1item-left\" align=\"center\" valign=\"top\" width=\"175\"><a href=\"https:\/\/wijkwijzernoordoost.nl\/activiteit\/91283\/elke-tweede-en-vierde-maandagmiddag-inloop---vraagbaak\" target=\"_blank\" rel=\"noopener noreferrer\"><img decoding=\"async\" src=\"https:\/\/imesmits.net\/ffd09c2e-b10a-11ed-9fd5-d7a7c9941cc6\/program\/resources\/blocked.gif\" alt=\"foto\" width=\"155\" \/><\/a><\/td>\n<td class=\"v1item-right\" valign=\"top\">\n<table cellspacing=\"0\" cellpadding=\"0\">\n<tbody>\n<tr>\n<td colspan=\"2\"><a href=\"https:\/\/wijkwijzernoordoost.nl\/activiteit\/91283\/elke-tweede-en-vierde-maandagmiddag-inloop---vraagbaak\" target=\"_blank\" rel=\"noopener noreferrer\">Elke tweede en vierde maandagmiddag inloop &amp; vraagbaak<\/a><\/td>\n<td align=\"right\"><\/td>\n<\/tr>\n<tr>\n<td colspan=\"2\"><a href=\"https:\/\/wijkwijzernoordoost.nl\/activiteit\/91283\/elke-tweede-en-vierde-maandagmiddag-inloop---vraagbaak\" target=\"_blank\" rel=\"noopener noreferrer\"><b>maandag 8 december 2025<\/b>\u00a014:00 uur, Kostershuis<\/a><\/td>\n<\/tr>\n<tr>\n<td colspan=\"2\">&nbsp;<\/p>\n<ul>\n<li>Wil je weten wat er in de wijk te doen is?<\/li>\n<li>Heb je een vraag, idee, aanbod, wens of tip?<\/li>\n<li>Wil je iets betekenen voor de wijk? Een handje helpen?<\/li>\n<li>Wil je buren of initiatieven leren kennen? Iets samen doen?<\/li>\n<li>Wil je weten wat er allemaal te doen is in de&#8230;<\/li>\n<\/ul>\n<\/td>\n<\/tr>\n<\/tbody>\n<\/table>\n<\/td>\n<\/tr>\n<\/tbody>\n<\/table>\n<table cellspacing=\"0\" cellpadding=\"0\">\n<tbody>\n<tr class=\"v1item\">\n<td class=\"v1item-left\" align=\"center\" valign=\"top\" width=\"175\"><a href=\"https:\/\/wijkwijzernoordoost.nl\/activiteit\/95301\/volleyballen\" target=\"_blank\" rel=\"noopener noreferrer\"><img decoding=\"async\" src=\"https:\/\/imesmits.net\/ffd09c2e-b10a-11ed-9fd5-d7a7c9941cc6\/program\/resources\/blocked.gif\" alt=\"foto\" width=\"155\" \/><\/a><\/td>\n<td class=\"v1item-right\" valign=\"top\">\n<table cellspacing=\"0\" cellpadding=\"0\">\n<tbody>\n<tr>\n<td colspan=\"2\"><a href=\"https:\/\/wijkwijzernoordoost.nl\/activiteit\/95301\/volleyballen\" target=\"_blank\" rel=\"noopener noreferrer\">Volleyballen<\/a><\/td>\n<td align=\"right\"><\/td>\n<\/tr>\n<tr>\n<td colspan=\"2\"><a href=\"https:\/\/wijkwijzernoordoost.nl\/activiteit\/95301\/volleyballen\" target=\"_blank\" rel=\"noopener noreferrer\"><b>maandag 8 december 2025<\/b>\u00a021:00 uur, Gymzaal Wevelaan<\/a><\/td>\n<\/tr>\n<tr>\n<td colspan=\"2\">&nbsp;<\/p>\n<p><a href=\"https:\/\/wijkwijzernoordoost.nl\/activiteit\/95301\/volleyballen\" target=\"_blank\" rel=\"noopener noreferrer\">Zin in een leuke pot volleybal?\u00a0 Hands Up is een informele club die wekelijks een uurtje volleybal speelt in de Gymzaal aan de Wevelaan (Tuindorp Oost).\u00a0 Nieuwe enthousiaste spelers (M\/V) met (enige) volleybalervaring zijn van harte welkom. Je kunt v&#8230;<\/a><\/td>\n<\/tr>\n<\/tbody>\n<\/table>\n<\/td>\n<\/tr>\n<\/tbody>\n<\/table>\n<table cellspacing=\"0\" cellpadding=\"0\">\n<tbody>\n<tr class=\"v1item\">\n<td class=\"v1item-left\" align=\"center\" valign=\"top\" width=\"175\"><a href=\"https:\/\/wijkwijzernoordoost.nl\/activiteit\/84911\/atelier---de-buitenkamer\" target=\"_blank\" rel=\"noopener noreferrer\"><img decoding=\"async\" src=\"https:\/\/imesmits.net\/ffd09c2e-b10a-11ed-9fd5-d7a7c9941cc6\/program\/resources\/blocked.gif\" alt=\"foto\" width=\"155\" \/><\/a><\/td>\n<td class=\"v1item-right\" valign=\"top\">\n<table cellspacing=\"0\" cellpadding=\"0\">\n<tbody>\n<tr>\n<td colspan=\"2\"><a href=\"https:\/\/wijkwijzernoordoost.nl\/activiteit\/84911\/atelier---de-buitenkamer\" target=\"_blank\" rel=\"noopener noreferrer\">Atelier &#8211; De Buitenkamer<\/a><\/td>\n<td align=\"right\"><\/td>\n<\/tr>\n<tr>\n<td colspan=\"2\"><a href=\"https:\/\/wijkwijzernoordoost.nl\/activiteit\/84911\/atelier---de-buitenkamer\" target=\"_blank\" rel=\"noopener noreferrer\"><b>dinsdag 9 december 2025<\/b>\u00a010:00 uur, De Buitenkamer<\/a><\/td>\n<\/tr>\n<tr>\n<td colspan=\"2\">&nbsp;<\/p>\n<p><a href=\"https:\/\/wijkwijzernoordoost.nl\/activiteit\/84911\/atelier---de-buitenkamer\" target=\"_blank\" rel=\"noopener noreferrer\">Bij De Buitenkamer kom je uit je hoofd door met je handen te werken. Iedereen die woont en\/of werkt in Utrecht en behoefte heeft om even weg te zijn van de hectiek van de dag, stress of eenzaamheid is welkom. Samen aan de slag, met en van elkaar lere&#8230;<\/a><\/td>\n<\/tr>\n<\/tbody>\n<\/table>\n<\/td>\n<\/tr>\n<\/tbody>\n<\/table>\n<table cellspacing=\"0\" cellpadding=\"0\">\n<tbody>\n<tr class=\"v1item\">\n<td class=\"v1item-left\" align=\"center\" valign=\"top\" width=\"175\"><a href=\"https:\/\/wijkwijzernoordoost.nl\/activiteit\/60307\/burenbakkie-op-griftsteede\" target=\"_blank\" rel=\"noopener noreferrer\"><img decoding=\"async\" src=\"https:\/\/imesmits.net\/ffd09c2e-b10a-11ed-9fd5-d7a7c9941cc6\/program\/resources\/blocked.gif\" alt=\"foto\" width=\"155\" \/><\/a><\/td>\n<td class=\"v1item-right\" valign=\"top\">\n<table cellspacing=\"0\" cellpadding=\"0\">\n<tbody>\n<tr>\n<td colspan=\"2\"><a href=\"https:\/\/wijkwijzernoordoost.nl\/activiteit\/60307\/burenbakkie-op-griftsteede\" target=\"_blank\" rel=\"noopener noreferrer\">Burenbakkie op Griftsteede<\/a><\/td>\n<td align=\"right\"><\/td>\n<\/tr>\n<tr>\n<td colspan=\"2\"><a href=\"https:\/\/wijkwijzernoordoost.nl\/activiteit\/60307\/burenbakkie-op-griftsteede\" target=\"_blank\" rel=\"noopener noreferrer\"><b>dinsdag 9 december 2025<\/b>\u00a010:30 uur, Griftsteede<\/a><\/td>\n<\/tr>\n<tr>\n<td colspan=\"2\">&nbsp;<\/p>\n<p><a href=\"https:\/\/wijkwijzernoordoost.nl\/activiteit\/60307\/burenbakkie-op-griftsteede\" target=\"_blank\" rel=\"noopener noreferrer\">Burenbakkie: Kom ouderwets een bakkie doen in mooi groen Griftsteede. Elke dinsdag van 10.30 \u2013 11.30 uur<\/a><\/td>\n<\/tr>\n<\/tbody>\n<\/table>\n<\/td>\n<\/tr>\n<\/tbody>\n<\/table>\n<table cellspacing=\"0\" cellpadding=\"0\">\n<tbody>\n<tr class=\"v1item\">\n<td class=\"v1item-left\" align=\"center\" valign=\"top\" width=\"175\"><a href=\"https:\/\/wijkwijzernoordoost.nl\/activiteit\/95109\/food-film-fest--2025--new-pigs-on-the-block\" target=\"_blank\" rel=\"noopener noreferrer\"><img decoding=\"async\" src=\"https:\/\/imesmits.net\/ffd09c2e-b10a-11ed-9fd5-d7a7c9941cc6\/program\/resources\/blocked.gif\" alt=\"foto\" width=\"155\" \/><\/a><\/td>\n<td class=\"v1item-right\" valign=\"top\">\n<table cellspacing=\"0\" cellpadding=\"0\">\n<tbody>\n<tr>\n<td colspan=\"2\"><a href=\"https:\/\/wijkwijzernoordoost.nl\/activiteit\/95109\/food-film-fest--2025--new-pigs-on-the-block\" target=\"_blank\" rel=\"noopener noreferrer\">Food.Film.Fest. 2025: New Pigs On The Block<\/a><\/td>\n<td align=\"right\"><\/td>\n<\/tr>\n<tr>\n<td colspan=\"2\"><a href=\"https:\/\/wijkwijzernoordoost.nl\/activiteit\/95109\/food-film-fest--2025--new-pigs-on-the-block\" target=\"_blank\" rel=\"noopener noreferrer\"><b>dinsdag 9 december 2025<\/b>\u00a019:30 uur, Griftsteede<\/a><\/td>\n<\/tr>\n<tr>\n<td colspan=\"2\">&nbsp;<\/p>\n<p><a href=\"https:\/\/wijkwijzernoordoost.nl\/activiteit\/95109\/food-film-fest--2025--new-pigs-on-the-block\" target=\"_blank\" rel=\"noopener noreferrer\">We kijken samen naar de documentaire New Pigs On The Block, waarin we drie varkens volgen die op een stukje niemandsland hun eigen paradijsje krijgen.Meer informatie In het kader van het Food.Film.Fest. 2025 draaien we vanavond de film\u00a0New Pigs Ons T&#8230;<\/a><\/td>\n<\/tr>\n<\/tbody>\n<\/table>\n<\/td>\n<\/tr>\n<\/tbody>\n<\/table>\n<table cellspacing=\"0\" cellpadding=\"0\">\n<tbody>\n<tr class=\"v1item\">\n<td class=\"v1item-left\" align=\"center\" valign=\"top\" width=\"175\"><a href=\"https:\/\/wijkwijzernoordoost.nl\/activiteit\/95103\/training-taijiwuxigong---5-lessen\" target=\"_blank\" rel=\"noopener noreferrer\"><img decoding=\"async\" src=\"https:\/\/imesmits.net\/ffd09c2e-b10a-11ed-9fd5-d7a7c9941cc6\/program\/resources\/blocked.gif\" alt=\"foto\" width=\"155\" \/><\/a><\/td>\n<td class=\"v1item-right\" valign=\"top\">\n<table cellspacing=\"0\" cellpadding=\"0\">\n<tbody>\n<tr>\n<td colspan=\"2\"><a href=\"https:\/\/wijkwijzernoordoost.nl\/activiteit\/95103\/training-taijiwuxigong---5-lessen\" target=\"_blank\" rel=\"noopener noreferrer\">Training Taijiwuxigong &#8211; 5 lessen<\/a><\/td>\n<td align=\"right\"><\/td>\n<\/tr>\n<tr>\n<td colspan=\"2\"><a href=\"https:\/\/wijkwijzernoordoost.nl\/activiteit\/95103\/training-taijiwuxigong---5-lessen\" target=\"_blank\" rel=\"noopener noreferrer\"><b>woensdag 10 december 2025<\/b>\u00a010:00 uur, Snijzaal Hoefijzerstraat<\/a><\/td>\n<\/tr>\n<tr>\n<td colspan=\"2\">&nbsp;<\/p>\n<p><a href=\"https:\/\/wijkwijzernoordoost.nl\/activiteit\/95103\/training-taijiwuxigong---5-lessen\" target=\"_blank\" rel=\"noopener noreferrer\">In december en januari presenteert Schweigman&amp; in De Snijzaal een reeks Taijiwuxigong trainingen. De serie zal gegeven worden door Ellie Wouda. Ellie is een grote inspiratiebron voor theatermaker Boukje Schweigman. We zijn dan ook ontzettend blij dat &#8230;<\/a><\/td>\n<\/tr>\n<\/tbody>\n<\/table>\n<\/td>\n<\/tr>\n<\/tbody>\n<\/table>\n<table cellspacing=\"0\" cellpadding=\"0\">\n<tbody>\n<tr class=\"v1item\">\n<td class=\"v1item-left\" align=\"center\" valign=\"top\" width=\"175\"><a href=\"https:\/\/wijkwijzernoordoost.nl\/activiteit\/86561\/seniorenwandeling-in-om-het-groene-griftpark\" target=\"_blank\" rel=\"noopener noreferrer\"><img decoding=\"async\" src=\"https:\/\/imesmits.net\/ffd09c2e-b10a-11ed-9fd5-d7a7c9941cc6\/program\/resources\/blocked.gif\" alt=\"foto\" width=\"155\" \/><\/a><\/td>\n<td class=\"v1item-right\" valign=\"top\">\n<table cellspacing=\"0\" cellpadding=\"0\">\n<tbody>\n<tr>\n<td colspan=\"2\"><a href=\"https:\/\/wijkwijzernoordoost.nl\/activiteit\/86561\/seniorenwandeling-in-om-het-groene-griftpark\" target=\"_blank\" rel=\"noopener noreferrer\">Seniorenwandeling in om het groene Griftpark<\/a><\/td>\n<td align=\"right\"><\/td>\n<\/tr>\n<tr>\n<td colspan=\"2\"><a href=\"https:\/\/wijkwijzernoordoost.nl\/activiteit\/86561\/seniorenwandeling-in-om-het-groene-griftpark\" target=\"_blank\" rel=\"noopener noreferrer\"><b>woensdag 10 december 2025<\/b>\u00a010:30 uur, Griftsteede<\/a><\/td>\n<\/tr>\n<tr>\n<td colspan=\"2\">&nbsp;<\/p>\n<p><a href=\"https:\/\/wijkwijzernoordoost.nl\/activiteit\/86561\/seniorenwandeling-in-om-het-groene-griftpark\" target=\"_blank\" rel=\"noopener noreferrer\">Komt u graag tot rust in de groene omgeving van het Griftpark? Deze korte wandeling start vanaf het Griftsteede. Hoe lang er gelopen wordt zal worden afgestemd op de deelnemers. Ook met loophulpmiddel bent u van harte welkom. Tijdens de wandeling is &#8230;<\/a><\/td>\n<\/tr>\n<\/tbody>\n<\/table>\n<\/td>\n<\/tr>\n<\/tbody>\n<\/table>\n<table cellspacing=\"0\" cellpadding=\"0\">\n<tbody>\n<tr class=\"v1item\">\n<td class=\"v1item-left\" align=\"center\" valign=\"top\" width=\"175\"><a href=\"https:\/\/wijkwijzernoordoost.nl\/activiteit\/71210\/walking-football-60-\" target=\"_blank\" rel=\"noopener noreferrer\"><img decoding=\"async\" src=\"https:\/\/imesmits.net\/ffd09c2e-b10a-11ed-9fd5-d7a7c9941cc6\/program\/resources\/blocked.gif\" alt=\"foto\" width=\"155\" \/><\/a><\/td>\n<td class=\"v1item-right\" valign=\"top\">\n<table cellspacing=\"0\" cellpadding=\"0\">\n<tbody>\n<tr>\n<td colspan=\"2\"><a href=\"https:\/\/wijkwijzernoordoost.nl\/activiteit\/71210\/walking-football-60-\" target=\"_blank\" rel=\"noopener noreferrer\">Walking Football 60+<\/a><\/td>\n<td align=\"right\"><\/td>\n<\/tr>\n<tr>\n<td colspan=\"2\"><a href=\"https:\/\/wijkwijzernoordoost.nl\/activiteit\/71210\/walking-football-60-\" target=\"_blank\" rel=\"noopener noreferrer\"><b>woensdag 10 december 2025<\/b>\u00a010:30 uur, Sporting 70<\/a><\/td>\n<\/tr>\n<tr>\n<td colspan=\"2\">&nbsp;<\/p>\n<p><a href=\"https:\/\/wijkwijzernoordoost.nl\/activiteit\/71210\/walking-football-60-\" target=\"_blank\" rel=\"noopener noreferrer\">Wil je als 60+er mensen ontmoeten met passie voor voetbal en verantwoord werken aan je conditie? Sluit je aan bij Walking Football. Een rustige manier van bewegen. Bij Walking Football mag niet worden gerend. De bal mag niet boven heuphoogte komen en&#8230;<\/a><\/td>\n<\/tr>\n<\/tbody>\n<\/table>\n<\/td>\n<\/tr>\n<\/tbody>\n<\/table>\n<table cellspacing=\"0\" cellpadding=\"0\">\n<tbody>\n<tr class=\"v1item\">\n<td class=\"v1item-left\" align=\"center\" valign=\"top\" width=\"175\"><a href=\"https:\/\/wijkwijzernoordoost.nl\/activiteit\/95096\/aardgasvrij-informatie-inloop-10-dec--hygge---votulast\" target=\"_blank\" rel=\"noopener noreferrer\"><img decoding=\"async\" src=\"https:\/\/imesmits.net\/ffd09c2e-b10a-11ed-9fd5-d7a7c9941cc6\/program\/resources\/blocked.gif\" alt=\"foto\" width=\"155\" \/><\/a><\/td>\n<td class=\"v1item-right\" valign=\"top\">\n<table cellspacing=\"0\" cellpadding=\"0\">\n<tbody>\n<tr>\n<td colspan=\"2\"><a href=\"https:\/\/wijkwijzernoordoost.nl\/activiteit\/95096\/aardgasvrij-informatie-inloop-10-dec--hygge---votulast\" target=\"_blank\" rel=\"noopener noreferrer\">Aardgasvrij informatie-inloop 10 dec. Hygge &#8211; Votulast<\/a><\/td>\n<td align=\"right\"><\/td>\n<\/tr>\n<tr>\n<td colspan=\"2\"><a href=\"https:\/\/wijkwijzernoordoost.nl\/activiteit\/95096\/aardgasvrij-informatie-inloop-10-dec--hygge---votulast\" target=\"_blank\" rel=\"noopener noreferrer\"><b>woensdag 10 december 2025<\/b>\u00a015:00 uur, Hygge<\/a><\/td>\n<\/tr>\n<tr>\n<td colspan=\"2\">&nbsp;<\/p>\n<p><a href=\"https:\/\/wijkwijzernoordoost.nl\/activiteit\/95096\/aardgasvrij-informatie-inloop-10-dec--hygge---votulast\" target=\"_blank\" rel=\"noopener noreferrer\">Woensdag 10 december 2025 van 15:00 tot 19:00 uur bij Hygge (Goeman Borgesiuslaan 77, 3515 ET Utrecht)\u00a0 Utrecht heeft afgesproken in het\u00a0Klimaatakkoord om in 2050 aardgasvrij te zijn. Daarom stappen we over op aardgasvrij verwarmen en koken. We onderz&#8230;<\/a><\/td>\n<\/tr>\n<\/tbody>\n<\/table>\n<\/td>\n<\/tr>\n<\/tbody>\n<\/table>\n<table cellspacing=\"0\" cellpadding=\"0\">\n<tbody>\n<tr class=\"v1item\">\n<td class=\"v1item-left\" align=\"center\" valign=\"top\" width=\"175\"><a href=\"https:\/\/wijkwijzernoordoost.nl\/activiteit\/86323\/dru-yoga-lessen-in-de-vogelenbuurt\" target=\"_blank\" rel=\"noopener noreferrer\"><img decoding=\"async\" src=\"https:\/\/imesmits.net\/ffd09c2e-b10a-11ed-9fd5-d7a7c9941cc6\/program\/resources\/blocked.gif\" alt=\"foto\" width=\"155\" \/><\/a><\/td>\n<td class=\"v1item-right\" valign=\"top\">\n<table cellspacing=\"0\" cellpadding=\"0\">\n<tbody>\n<tr>\n<td colspan=\"2\"><a href=\"https:\/\/wijkwijzernoordoost.nl\/activiteit\/86323\/dru-yoga-lessen-in-de-vogelenbuurt\" target=\"_blank\" rel=\"noopener noreferrer\">Dru Yoga lessen in de Vogelenbuurt<\/a><\/td>\n<td align=\"right\"><\/td>\n<\/tr>\n<tr>\n<td colspan=\"2\"><a href=\"https:\/\/wijkwijzernoordoost.nl\/activiteit\/86323\/dru-yoga-lessen-in-de-vogelenbuurt\" target=\"_blank\" rel=\"noopener noreferrer\"><b>woensdag 10 december 2025<\/b>\u00a019:00 uur, De Koekoekschool<\/a><\/td>\n<\/tr>\n<tr>\n<td colspan=\"2\">&nbsp;<\/p>\n<p><a href=\"https:\/\/wijkwijzernoordoost.nl\/activiteit\/86323\/dru-yoga-lessen-in-de-vogelenbuurt\" target=\"_blank\" rel=\"noopener noreferrer\">Dru Yoga lessen zijn er op woensdagavond in de Koekoekschool in Utrecht Vogelenbuurt!\u00a0 Dru Yoga is een toegankelijke vorm van yoga die iedereen kan doen, oud of jong, met of zonder ervaring, flexibel of minder beweeglijk. Ook als je last hebt van ble&#8230;<\/a><\/td>\n<\/tr>\n<\/tbody>\n<\/table>\n<\/td>\n<\/tr>\n<\/tbody>\n<\/table>\n<table cellspacing=\"0\" cellpadding=\"0\">\n<tbody>\n<tr class=\"v1item\">\n<td class=\"v1item-left\" align=\"center\" valign=\"top\" width=\"175\"><a href=\"https:\/\/wijkwijzernoordoost.nl\/activiteit\/95080\/oecumenische-vespers--tweede-adventsvesper---pauluskerk\" target=\"_blank\" rel=\"noopener noreferrer\"><img decoding=\"async\" src=\"https:\/\/imesmits.net\/ffd09c2e-b10a-11ed-9fd5-d7a7c9941cc6\/program\/resources\/blocked.gif\" alt=\"foto\" width=\"155\" \/><\/a><\/td>\n<td class=\"v1item-right\" valign=\"top\">\n<table cellspacing=\"0\" cellpadding=\"0\">\n<tbody>\n<tr>\n<td colspan=\"2\"><a href=\"https:\/\/wijkwijzernoordoost.nl\/activiteit\/95080\/oecumenische-vespers--tweede-adventsvesper---pauluskerk\" target=\"_blank\" rel=\"noopener noreferrer\">Oecumenische vespers: tweede adventsvesper\u00a0&#8211; Pauluskerk<\/a><\/td>\n<td align=\"right\"><\/td>\n<\/tr>\n<tr>\n<td colspan=\"2\"><a href=\"https:\/\/wijkwijzernoordoost.nl\/activiteit\/95080\/oecumenische-vespers--tweede-adventsvesper---pauluskerk\" target=\"_blank\" rel=\"noopener noreferrer\"><b>woensdag 10 december 2025<\/b>\u00a019:30 uur, Sint Pauluskerk<\/a><\/td>\n<\/tr>\n<tr>\n<td colspan=\"2\">&nbsp;<\/p>\n<p><a href=\"https:\/\/wijkwijzernoordoost.nl\/activiteit\/95080\/oecumenische-vespers--tweede-adventsvesper---pauluskerk\" target=\"_blank\" rel=\"noopener noreferrer\">De aanloop naar Kerst kan hectisch zijn. Hoe fijn om een half uur stil te zitten en je te richten op wat onze alledaagse drukte overstijgt. Van harte welkom bij drie oecumenische vespers in drie kerken in onze wijk, om naar mooie muziek te luisteren,&#8230;<\/a><\/td>\n<\/tr>\n<\/tbody>\n<\/table>\n<\/td>\n<\/tr>\n<\/tbody>\n<\/table>\n<table cellspacing=\"0\" cellpadding=\"0\">\n<tbody>\n<tr class=\"v1item\">\n<td class=\"v1item-left\" align=\"center\" valign=\"top\" width=\"175\"><a href=\"https:\/\/wijkwijzernoordoost.nl\/activiteit\/94991\/sharing-stories\" target=\"_blank\" rel=\"noopener noreferrer\"><img decoding=\"async\" src=\"https:\/\/imesmits.net\/ffd09c2e-b10a-11ed-9fd5-d7a7c9941cc6\/program\/resources\/blocked.gif\" alt=\"foto\" width=\"155\" \/><\/a><\/td>\n<td class=\"v1item-right\" valign=\"top\">\n<table cellspacing=\"0\" cellpadding=\"0\">\n<tbody>\n<tr>\n<td colspan=\"2\"><a href=\"https:\/\/wijkwijzernoordoost.nl\/activiteit\/94991\/sharing-stories\" target=\"_blank\" rel=\"noopener noreferrer\">Sharing Stories<\/a><\/td>\n<td align=\"right\"><\/td>\n<\/tr>\n<tr>\n<td colspan=\"2\"><a href=\"https:\/\/wijkwijzernoordoost.nl\/activiteit\/94991\/sharing-stories\" target=\"_blank\" rel=\"noopener noreferrer\"><b>donderdag 11 december 2025<\/b>\u00a014:30 uur, Bibliotheek Tuinwijk<\/a><\/td>\n<\/tr>\n<tr>\n<td colspan=\"2\">&nbsp;<\/p>\n<p><a href=\"https:\/\/wijkwijzernoordoost.nl\/activiteit\/94991\/sharing-stories\" target=\"_blank\" rel=\"noopener noreferrer\">Ontdek de kracht van verhalen in jouw buurt We nodigen we je van harte uit om aan te schuiven voor Sharing Stories : een kleurrijk en inspirerend bordspel waarin verhalen centraal staan. Onder begeleiding van spelbegeleider Suzanne gaan we in een klei&#8230;<\/a><\/td>\n<\/tr>\n<\/tbody>\n<\/table>\n<\/td>\n<\/tr>\n<\/tbody>\n<\/table>\n<table cellspacing=\"0\" cellpadding=\"0\">\n<tbody>\n<tr class=\"v1item\">\n<td class=\"v1item-left\" align=\"center\" valign=\"top\" width=\"175\"><a href=\"https:\/\/wijkwijzernoordoost.nl\/activiteit\/93391\/zimihc-huiskamersessies---jan-duindam---linda-van-der-linden\" target=\"_blank\" rel=\"noopener noreferrer\"><img decoding=\"async\" src=\"https:\/\/imesmits.net\/ffd09c2e-b10a-11ed-9fd5-d7a7c9941cc6\/program\/resources\/blocked.gif\" alt=\"foto\" width=\"155\" \/><\/a><\/td>\n<td class=\"v1item-right\" valign=\"top\">\n<table cellspacing=\"0\" cellpadding=\"0\">\n<tbody>\n<tr>\n<td colspan=\"2\"><a href=\"https:\/\/wijkwijzernoordoost.nl\/activiteit\/93391\/zimihc-huiskamersessies---jan-duindam---linda-van-der-linden\" target=\"_blank\" rel=\"noopener noreferrer\">ZIMIHC Huiskamersessies \u2013 Jan Duindam &amp; Linda van der Linden<\/a><\/td>\n<td align=\"right\"><\/td>\n<\/tr>\n<tr>\n<td colspan=\"2\"><a href=\"https:\/\/wijkwijzernoordoost.nl\/activiteit\/93391\/zimihc-huiskamersessies---jan-duindam---linda-van-der-linden\" target=\"_blank\" rel=\"noopener noreferrer\"><b>donderdag 11 december 2025<\/b>\u00a020:30 uur, Theater Zimihc Wittevrouwen<\/a><\/td>\n<\/tr>\n<tr>\n<td colspan=\"2\">&nbsp;<\/p>\n<p><a href=\"https:\/\/wijkwijzernoordoost.nl\/activiteit\/93391\/zimihc-huiskamersessies---jan-duindam---linda-van-der-linden\" target=\"_blank\" rel=\"noopener noreferrer\">Laat je meeslepen door de klanken van de akoestische gitaar tijdens een nieuwe editie van de ZIMIHC Huiskamersessies!\u00a0Met optredens van Jan Duindam en Linda van der Linden.\u00a0 Jan Duindams muziek kent vele invloeden: al vroeg in zijn leven kwam hij in &#8230;<\/a><\/td>\n<\/tr>\n<\/tbody>\n<\/table>\n<\/td>\n<\/tr>\n<\/tbody>\n<\/table>\n<table cellspacing=\"0\" cellpadding=\"0\">\n<tbody>\n<tr class=\"v1item\">\n<td class=\"v1item-left\" align=\"center\" valign=\"top\" width=\"175\"><a href=\"https:\/\/wijkwijzernoordoost.nl\/activiteit\/69773\/playgroup-0-4-jaar\" target=\"_blank\" rel=\"noopener noreferrer\"><img decoding=\"async\" src=\"https:\/\/imesmits.net\/ffd09c2e-b10a-11ed-9fd5-d7a7c9941cc6\/program\/resources\/blocked.gif\" alt=\"foto\" width=\"155\" \/><\/a><\/td>\n<td class=\"v1item-right\" valign=\"top\">\n<table cellspacing=\"0\" cellpadding=\"0\">\n<tbody>\n<tr>\n<td colspan=\"2\"><a href=\"https:\/\/wijkwijzernoordoost.nl\/activiteit\/69773\/playgroup-0-4-jaar\" target=\"_blank\" rel=\"noopener noreferrer\">Playgroup 0-4 jaar<\/a><\/td>\n<td align=\"right\"><\/td>\n<\/tr>\n<tr>\n<td colspan=\"2\"><a href=\"https:\/\/wijkwijzernoordoost.nl\/activiteit\/69773\/playgroup-0-4-jaar\" target=\"_blank\" rel=\"noopener noreferrer\"><b>vrijdag 12 december 2025<\/b>\u00a09:00 uur, Kostershuis<\/a><\/td>\n<\/tr>\n<tr>\n<td colspan=\"2\">&nbsp;<\/p>\n<p><a href=\"https:\/\/wijkwijzernoordoost.nl\/activiteit\/69773\/playgroup-0-4-jaar\" target=\"_blank\" rel=\"noopener noreferrer\">Op vrijdag tussen 9.00 uur -11.00 uur is Bollehofsestraat 140 open voor kinderen van 0 tot 4 jaar met hun ouders en of verzorgers! Er is een open inloop met genoeg speelmogelijkheden voor de kinderen en koffie en thee voor de volwassenen. Welkom voor&#8230;<\/a><\/td>\n<\/tr>\n<\/tbody>\n<\/table>\n<\/td>\n<\/tr>\n<\/tbody>\n<\/table>\n<table cellspacing=\"0\" cellpadding=\"0\">\n<tbody>\n<tr class=\"v1item\">\n<td class=\"v1item-left\" align=\"center\" valign=\"top\" width=\"175\"><a href=\"https:\/\/wijkwijzernoordoost.nl\/activiteit\/95470\/it-s-a-wonderful-life---film-met-gesprek\" target=\"_blank\" rel=\"noopener noreferrer\"><img decoding=\"async\" src=\"https:\/\/imesmits.net\/ffd09c2e-b10a-11ed-9fd5-d7a7c9941cc6\/program\/resources\/blocked.gif\" alt=\"foto\" width=\"155\" \/><\/a><\/td>\n<td class=\"v1item-right\" valign=\"top\">\n<table cellspacing=\"0\" cellpadding=\"0\">\n<tbody>\n<tr>\n<td colspan=\"2\"><a href=\"https:\/\/wijkwijzernoordoost.nl\/activiteit\/95470\/it-s-a-wonderful-life---film-met-gesprek\" target=\"_blank\" rel=\"noopener noreferrer\">It&#8217;s a wonderful life &#8211; film met gesprek<\/a><\/td>\n<td align=\"right\"><\/td>\n<\/tr>\n<tr>\n<td colspan=\"2\"><a href=\"https:\/\/wijkwijzernoordoost.nl\/activiteit\/95470\/it-s-a-wonderful-life---film-met-gesprek\" target=\"_blank\" rel=\"noopener noreferrer\"><b>vrijdag 12 december 2025<\/b>\u00a012:30 uur<\/a><\/td>\n<\/tr>\n<tr>\n<td colspan=\"2\">&nbsp;<\/p>\n<p><a href=\"https:\/\/wijkwijzernoordoost.nl\/activiteit\/95470\/it-s-a-wonderful-life---film-met-gesprek\" target=\"_blank\" rel=\"noopener noreferrer\">12 december: It&#8217;s a wonderful life &#8211; film met gesprek Een klassieke kerstfilm uit 1946 die ruim twee uur duurt en totaal in zwart wit is geschoten. Hoofdrolspeler James Stewart heeft tegenslag na tegenslag en staat op kerstavond op het punt suicide te&#8230;<\/a><\/td>\n<\/tr>\n<\/tbody>\n<\/table>\n<\/td>\n<\/tr>\n<\/tbody>\n<\/table>\n<table cellspacing=\"0\" cellpadding=\"0\">\n<tbody>\n<tr class=\"v1item\">\n<td class=\"v1item-left\" align=\"center\" valign=\"top\" width=\"175\"><a href=\"https:\/\/wijkwijzernoordoost.nl\/activiteit\/94599\/kerstfair---tweedehandskledingmarkt\" target=\"_blank\" rel=\"noopener noreferrer\"><img decoding=\"async\" src=\"https:\/\/imesmits.net\/ffd09c2e-b10a-11ed-9fd5-d7a7c9941cc6\/program\/resources\/blocked.gif\" alt=\"foto\" width=\"155\" \/><\/a><\/td>\n<td class=\"v1item-right\" valign=\"top\">\n<table cellspacing=\"0\" cellpadding=\"0\">\n<tbody>\n<tr>\n<td colspan=\"2\"><a href=\"https:\/\/wijkwijzernoordoost.nl\/activiteit\/94599\/kerstfair---tweedehandskledingmarkt\" target=\"_blank\" rel=\"noopener noreferrer\">Kerstfair &#8211; tweedehandskledingmarkt<\/a><\/td>\n<td align=\"right\"><\/td>\n<\/tr>\n<tr>\n<td colspan=\"2\"><a href=\"https:\/\/wijkwijzernoordoost.nl\/activiteit\/94599\/kerstfair---tweedehandskledingmarkt\" target=\"_blank\" rel=\"noopener noreferrer\"><b>zaterdag 13 december 2025<\/b>\u00a010:00 uur, Nieuwe Kerk, Bollenhofsestraat 138, utrecht<\/a><\/td>\n<\/tr>\n<tr>\n<td colspan=\"2\">&nbsp;<\/p>\n<p><a href=\"https:\/\/wijkwijzernoordoost.nl\/activiteit\/94599\/kerstfair---tweedehandskledingmarkt\" target=\"_blank\" rel=\"noopener noreferrer\">De leukste decembertraditie van Wittevrouwen is terug! \u2728 Kom naar de Kerstfair in De Nieuwe Kerk:\u00a0wandel langs rekken vol prachtige tweedehands kleding, vind iets feestelijks voor de winter en geniet van gl\u00fchwein, koffie en lekkers. Doe mee aan creat&#8230;<\/a><\/td>\n<\/tr>\n<\/tbody>\n<\/table>\n<\/td>\n<\/tr>\n<\/tbody>\n<\/table>\n<table cellspacing=\"0\" cellpadding=\"0\">\n<tbody>\n<tr class=\"v1item\">\n<td class=\"v1item-left\" align=\"center\" valign=\"top\" width=\"175\"><a href=\"https:\/\/wijkwijzernoordoost.nl\/activiteit\/95104\/eros-workshop---celebrate-your-body-\" target=\"_blank\" rel=\"noopener noreferrer\"><img decoding=\"async\" src=\"https:\/\/imesmits.net\/ffd09c2e-b10a-11ed-9fd5-d7a7c9941cc6\/program\/resources\/blocked.gif\" alt=\"foto\" width=\"155\" \/><\/a><\/td>\n<td class=\"v1item-right\" valign=\"top\">\n<table cellspacing=\"0\" cellpadding=\"0\">\n<tbody>\n<tr>\n<td colspan=\"2\"><a href=\"https:\/\/wijkwijzernoordoost.nl\/activiteit\/95104\/eros-workshop---celebrate-your-body-\" target=\"_blank\" rel=\"noopener noreferrer\">EROS workshop &#8211; celebrate your body!<\/a><\/td>\n<td align=\"right\"><\/td>\n<\/tr>\n<tr>\n<td colspan=\"2\"><a href=\"https:\/\/wijkwijzernoordoost.nl\/activiteit\/95104\/eros-workshop---celebrate-your-body-\" target=\"_blank\" rel=\"noopener noreferrer\"><b>zaterdag 13 december 2025<\/b>\u00a010:00 uur, Snijzaal Hoefijzerstraat<\/a><\/td>\n<\/tr>\n<tr>\n<td colspan=\"2\">&nbsp;<\/p>\n<p><a href=\"https:\/\/wijkwijzernoordoost.nl\/activiteit\/95104\/eros-workshop---celebrate-your-body-\" target=\"_blank\" rel=\"noopener noreferrer\">In de EROS workshop van Anemone Oostvriesland en Goda Zukauskaite, staan vrouwelijke kracht en levensenergie centraal. Je gaat op zoek naar de eigen sensuele kracht van jouw lichaam. Je ervaart wat voor energie er in jouw lijf huist en hoe je die de &#8230;<\/a><\/td>\n<\/tr>\n<\/tbody>\n<\/table>\n<\/td>\n<\/tr>\n<\/tbody>\n<\/table>\n<table cellspacing=\"0\" cellpadding=\"0\">\n<tbody>\n<tr class=\"v1item\">\n<td class=\"v1item-left\" align=\"center\" valign=\"top\" width=\"175\"><a href=\"https:\/\/wijkwijzernoordoost.nl\/activiteit\/87308\/senioren-caf%C3%A9-bij-brasserie-noort\" target=\"_blank\" rel=\"noopener noreferrer\"><img decoding=\"async\" src=\"https:\/\/imesmits.net\/ffd09c2e-b10a-11ed-9fd5-d7a7c9941cc6\/program\/resources\/blocked.gif\" alt=\"foto\" width=\"155\" \/><\/a><\/td>\n<td class=\"v1item-right\" valign=\"top\">\n<table cellspacing=\"0\" cellpadding=\"0\">\n<tbody>\n<tr>\n<td colspan=\"2\"><a href=\"https:\/\/wijkwijzernoordoost.nl\/activiteit\/87308\/senioren-caf%C3%A9-bij-brasserie-noort\" target=\"_blank\" rel=\"noopener noreferrer\">Senioren caf\u00e9 bij Brasserie Noort<\/a><\/td>\n<td align=\"right\"><\/td>\n<\/tr>\n<tr>\n<td colspan=\"2\"><a href=\"https:\/\/wijkwijzernoordoost.nl\/activiteit\/87308\/senioren-caf%C3%A9-bij-brasserie-noort\" target=\"_blank\" rel=\"noopener noreferrer\"><b>zaterdag 13 december 2025<\/b>\u00a014:00 uur, Brasserie Noort<\/a><\/td>\n<\/tr>\n<tr>\n<td colspan=\"2\">&nbsp;<\/p>\n<p><a href=\"https:\/\/wijkwijzernoordoost.nl\/activiteit\/87308\/senioren-caf%C3%A9-bij-brasserie-noort\" target=\"_blank\" rel=\"noopener noreferrer\">Samen een gezellige middag beleven, kletsen met leeftijdsgenoten onder het genot van koffie, thee of iets anders? Een leuk spelletje spelen zoals Rummicub of sjoelen? Kom dan de volgende zaterdagen naar het 55+ senioren caf\u00e9 in Brasserie Noort. Entre&#8230;<\/a><\/td>\n<\/tr>\n<\/tbody>\n<\/table>\n<\/td>\n<\/tr>\n<\/tbody>\n<\/table>\n<table cellspacing=\"0\" cellpadding=\"0\">\n<tbody>\n<tr class=\"v1item\">\n<td class=\"v1item-left\" align=\"center\" valign=\"top\" width=\"175\"><a href=\"https:\/\/wijkwijzernoordoost.nl\/activiteit\/86300\/meewerkdag-in-de-voortuin--buurtmoestuin-in-voordorp\" target=\"_blank\" rel=\"noopener noreferrer\"><img decoding=\"async\" src=\"https:\/\/imesmits.net\/ffd09c2e-b10a-11ed-9fd5-d7a7c9941cc6\/program\/resources\/blocked.gif\" alt=\"foto\" width=\"155\" \/><\/a><\/td>\n<td class=\"v1item-right\" valign=\"top\">\n<table cellspacing=\"0\" cellpadding=\"0\">\n<tbody>\n<tr>\n<td colspan=\"2\"><a href=\"https:\/\/wijkwijzernoordoost.nl\/activiteit\/86300\/meewerkdag-in-de-voortuin--buurtmoestuin-in-voordorp\" target=\"_blank\" rel=\"noopener noreferrer\">Meewerkdag in de Voortuin, buurtmoestuin in Voordorp<\/a><\/td>\n<td align=\"right\"><\/td>\n<\/tr>\n<tr>\n<td colspan=\"2\"><a href=\"https:\/\/wijkwijzernoordoost.nl\/activiteit\/86300\/meewerkdag-in-de-voortuin--buurtmoestuin-in-voordorp\" target=\"_blank\" rel=\"noopener noreferrer\"><b>zondag 14 december 2025<\/b>\u00a011:00 uur, De Voortuin<\/a><\/td>\n<\/tr>\n<tr>\n<td colspan=\"2\">&nbsp;<\/p>\n<p><a href=\"https:\/\/wijkwijzernoordoost.nl\/activiteit\/86300\/meewerkdag-in-de-voortuin--buurtmoestuin-in-voordorp\" target=\"_blank\" rel=\"noopener noreferrer\">Iedere tweede zondag van de maand werken we in De Voortuin. Start is om 11.00 uur. Wees welkom! We werken samen in de buurtmoestuin. Bewoners uit Voordorp zijn welkom om mee te helpen, kennis te komen maken of te komen kijken. We gaan wieden, oogsten&#8230;<\/a><\/td>\n<\/tr>\n<\/tbody>\n<\/table>\n<\/td>\n<\/tr>\n<\/tbody>\n<\/table>\n<table cellspacing=\"0\" cellpadding=\"0\">\n<tbody>\n<tr class=\"v1item\">\n<td class=\"v1item-left\" align=\"center\" valign=\"top\" width=\"175\"><a href=\"https:\/\/wijkwijzernoordoost.nl\/activiteit\/95472\/kerstdiner---samen-eten-in-buurtcentrum-de-leeuw\" target=\"_blank\" rel=\"noopener noreferrer\"><img decoding=\"async\" src=\"https:\/\/imesmits.net\/ffd09c2e-b10a-11ed-9fd5-d7a7c9941cc6\/program\/resources\/blocked.gif\" alt=\"foto\" width=\"155\" \/><\/a><\/td>\n<td class=\"v1item-right\" valign=\"top\">\n<table cellspacing=\"0\" cellpadding=\"0\">\n<tbody>\n<tr>\n<td colspan=\"2\"><a href=\"https:\/\/wijkwijzernoordoost.nl\/activiteit\/95472\/kerstdiner---samen-eten-in-buurtcentrum-de-leeuw\" target=\"_blank\" rel=\"noopener noreferrer\">Kerstdiner &#8211; Samen eten in Buurtcentrum De Leeuw<\/a><\/td>\n<td align=\"right\"><\/td>\n<\/tr>\n<tr>\n<td colspan=\"2\"><a href=\"https:\/\/wijkwijzernoordoost.nl\/activiteit\/95472\/kerstdiner---samen-eten-in-buurtcentrum-de-leeuw\" target=\"_blank\" rel=\"noopener noreferrer\"><b>dinsdag 16 december 2025<\/b>\u00a018:00 uur, Buurtcentrum De Leeuw<\/a><\/td>\n<\/tr>\n<tr>\n<td colspan=\"2\">&nbsp;<\/p>\n<p><a href=\"https:\/\/wijkwijzernoordoost.nl\/activiteit\/95472\/kerstdiner---samen-eten-in-buurtcentrum-de-leeuw\" target=\"_blank\" rel=\"noopener noreferrer\">Samen Eten Op de 1e dinsdag van de maand kan er samen worden gegeten in Buurtcentrum de Leeuw. Meld je aan door het antwoordapparaat van J. Rinck in te spreken: 030 2734176 Dinsdag 2 december vervalt. In plaats daarvan is 16 december het kerstdiner, v&#8230;<\/a><\/td>\n<\/tr>\n<\/tbody>\n<\/table>\n<\/td>\n<\/tr>\n<\/tbody>\n<\/table>\n<table cellspacing=\"0\" cellpadding=\"0\">\n<tbody>\n<tr class=\"v1item\">\n<td class=\"v1item-left\" align=\"center\" valign=\"top\" width=\"175\"><a href=\"https:\/\/wijkwijzernoordoost.nl\/activiteit\/91782\/mindful-wandelen--yoga-en-stadsgedichten---griftpark\" target=\"_blank\" rel=\"noopener noreferrer\"><img decoding=\"async\" src=\"https:\/\/imesmits.net\/ffd09c2e-b10a-11ed-9fd5-d7a7c9941cc6\/program\/resources\/blocked.gif\" alt=\"foto\" width=\"155\" \/><\/a><\/td>\n<td class=\"v1item-right\" valign=\"top\">\n<table cellspacing=\"0\" cellpadding=\"0\">\n<tbody>\n<tr>\n<td colspan=\"2\"><a href=\"https:\/\/wijkwijzernoordoost.nl\/activiteit\/91782\/mindful-wandelen--yoga-en-stadsgedichten---griftpark\" target=\"_blank\" rel=\"noopener noreferrer\">Mindful wandelen, yoga en stadsgedichten &#8211; Griftpark<\/a><\/td>\n<td align=\"right\"><\/td>\n<\/tr>\n<tr>\n<td colspan=\"2\"><a href=\"https:\/\/wijkwijzernoordoost.nl\/activiteit\/91782\/mindful-wandelen--yoga-en-stadsgedichten---griftpark\" target=\"_blank\" rel=\"noopener noreferrer\"><b>woensdag 17 december 2025<\/b>\u00a010:00 uur, Griftpark<\/a><\/td>\n<\/tr>\n<tr>\n<td colspan=\"2\">&nbsp;<\/p>\n<p><a href=\"https:\/\/wijkwijzernoordoost.nl\/activiteit\/91782\/mindful-wandelen--yoga-en-stadsgedichten---griftpark\" target=\"_blank\" rel=\"noopener noreferrer\">Breek je week met een heerlijke wandeling door je favoriete stadspark.\u00a0 In deze mindful wandeling gebruiken we onze zintuigen om de verbinding te maken met de aarde, het water, de zon en de lucht. Lopen met aandacht wordt afgewisseld met simpele yoga&#8230;<\/a><\/td>\n<\/tr>\n<\/tbody>\n<\/table>\n<\/td>\n<\/tr>\n<\/tbody>\n<\/table>\n<table cellspacing=\"0\" cellpadding=\"0\">\n<tbody>\n<tr class=\"v1item\">\n<td class=\"v1item-left\" align=\"center\" valign=\"top\" width=\"175\"><a href=\"https:\/\/wijkwijzernoordoost.nl\/activiteit\/95097\/aardgasvrij-informatie-inloop-17-dec--tuindorpkerk---tuindorp-voordorp\" target=\"_blank\" rel=\"noopener noreferrer\"><img decoding=\"async\" src=\"https:\/\/imesmits.net\/ffd09c2e-b10a-11ed-9fd5-d7a7c9941cc6\/program\/resources\/blocked.gif\" alt=\"foto\" width=\"155\" \/><\/a><\/td>\n<td class=\"v1item-right\" valign=\"top\">\n<table cellspacing=\"0\" cellpadding=\"0\">\n<tbody>\n<tr>\n<td colspan=\"2\"><a href=\"https:\/\/wijkwijzernoordoost.nl\/activiteit\/95097\/aardgasvrij-informatie-inloop-17-dec--tuindorpkerk---tuindorp-voordorp\" target=\"_blank\" rel=\"noopener noreferrer\">Aardgasvrij informatie-inloop 17 dec. Tuindorpkerk &#8211; Tuindorp\/Voordorp<\/a><\/td>\n<td align=\"right\"><\/td>\n<\/tr>\n<tr>\n<td colspan=\"2\"><a href=\"https:\/\/wijkwijzernoordoost.nl\/activiteit\/95097\/aardgasvrij-informatie-inloop-17-dec--tuindorpkerk---tuindorp-voordorp\" target=\"_blank\" rel=\"noopener noreferrer\"><b>woensdag 17 december 2025<\/b>\u00a015:00 uur, Tuindorpkerk<\/a><\/td>\n<\/tr>\n<tr>\n<td colspan=\"2\">&nbsp;<\/p>\n<p><a href=\"https:\/\/wijkwijzernoordoost.nl\/activiteit\/95097\/aardgasvrij-informatie-inloop-17-dec--tuindorpkerk---tuindorp-voordorp\" target=\"_blank\" rel=\"noopener noreferrer\">Woensdag 17 december 2025 van 15:00 tot 19:00 uur bij Tuindorpkerk (Professor Suringarlaan 1, 3571 WH Utrecht) Utrecht heeft afgesproken in het\u00a0Klimaatakkoord om in 2050 aardgasvrij te zijn. Daarom stappen we over op aardgasvrij verwarmen en koken. We&#8230;<\/a><\/td>\n<\/tr>\n<\/tbody>\n<\/table>\n<\/td>\n<\/tr>\n<\/tbody>\n<\/table>\n<table cellspacing=\"0\" cellpadding=\"0\">\n<tbody>\n<tr class=\"v1item\">\n<td class=\"v1item-left\" align=\"center\" valign=\"top\" width=\"175\"><a href=\"https:\/\/wijkwijzernoordoost.nl\/activiteit\/89749\/ondernemen-met-de-buurt\" target=\"_blank\" rel=\"noopener noreferrer\"><img decoding=\"async\" src=\"https:\/\/imesmits.net\/ffd09c2e-b10a-11ed-9fd5-d7a7c9941cc6\/program\/resources\/blocked.gif\" alt=\"foto\" width=\"155\" \/><\/a><\/td>\n<td class=\"v1item-right\" valign=\"top\">\n<table cellspacing=\"0\" cellpadding=\"0\">\n<tbody>\n<tr>\n<td colspan=\"2\"><a href=\"https:\/\/wijkwijzernoordoost.nl\/activiteit\/89749\/ondernemen-met-de-buurt\" target=\"_blank\" rel=\"noopener noreferrer\">Ondernemen met de buurt<\/a><\/td>\n<td align=\"right\"><\/td>\n<\/tr>\n<tr>\n<td colspan=\"2\"><a href=\"https:\/\/wijkwijzernoordoost.nl\/activiteit\/89749\/ondernemen-met-de-buurt\" target=\"_blank\" rel=\"noopener noreferrer\"><b>woensdag 17 december 2025<\/b>\u00a019:30 uur, Bibliotheek Tuinwijk<\/a><\/td>\n<\/tr>\n<tr>\n<td colspan=\"2\">&nbsp;<\/p>\n<p><a href=\"https:\/\/wijkwijzernoordoost.nl\/activiteit\/89749\/ondernemen-met-de-buurt\" target=\"_blank\" rel=\"noopener noreferrer\">Ben je ondernemer en wil je ondernemen met de buurt? Bijdragen aan een sterke, duurzame en verbonden wijk? Laat het ons weten! We denken graag mee! Wijkcooperatie Griftstroom werkt in het LSA Programma Ondernemen met de buurt aan meer ondernemerschap&#8230;<\/a><\/td>\n<\/tr>\n<\/tbody>\n<\/table>\n<\/td>\n<\/tr>\n<\/tbody>\n<\/table>\n<table cellspacing=\"0\" cellpadding=\"0\">\n<tbody>\n<tr class=\"v1item\">\n<td class=\"v1item-left\" align=\"center\" valign=\"top\" width=\"175\"><a href=\"https:\/\/wijkwijzernoordoost.nl\/activiteit\/95081\/oecumenische-vespers--derde-adventsvesper---tuindorpkerk\" target=\"_blank\" rel=\"noopener noreferrer\"><img decoding=\"async\" src=\"https:\/\/imesmits.net\/ffd09c2e-b10a-11ed-9fd5-d7a7c9941cc6\/program\/resources\/blocked.gif\" alt=\"foto\" width=\"155\" \/><\/a><\/td>\n<td class=\"v1item-right\" valign=\"top\">\n<table cellspacing=\"0\" cellpadding=\"0\">\n<tbody>\n<tr>\n<td colspan=\"2\"><a href=\"https:\/\/wijkwijzernoordoost.nl\/activiteit\/95081\/oecumenische-vespers--derde-adventsvesper---tuindorpkerk\" target=\"_blank\" rel=\"noopener noreferrer\">Oecumenische vespers: derde adventsvesper\u00a0&#8211; Tuindorpkerk<\/a><\/td>\n<td align=\"right\"><\/td>\n<\/tr>\n<tr>\n<td colspan=\"2\"><a href=\"https:\/\/wijkwijzernoordoost.nl\/activiteit\/95081\/oecumenische-vespers--derde-adventsvesper---tuindorpkerk\" target=\"_blank\" rel=\"noopener noreferrer\"><b>woensdag 17 december 2025<\/b>\u00a019:30 uur, Tuindorpkerk<\/a><\/td>\n<\/tr>\n<tr>\n<td colspan=\"2\">&nbsp;<\/p>\n<p><a href=\"https:\/\/wijkwijzernoordoost.nl\/activiteit\/95081\/oecumenische-vespers--derde-adventsvesper---tuindorpkerk\" target=\"_blank\" rel=\"noopener noreferrer\">De aanloop naar Kerst kan hectisch zijn. Hoe fijn om een half uur stil te zitten en je te richten op wat onze alledaagse drukte overstijgt. Van harte welkom bij drie oecumenische vespers in drie kerken in onze wijk, om naar mooie muziek te luisteren,&#8230;<\/a><\/td>\n<\/tr>\n<\/tbody>\n<\/table>\n<\/td>\n<\/tr>\n<\/tbody>\n<\/table>\n<table cellspacing=\"0\" cellpadding=\"0\">\n<tbody>\n<tr class=\"v1item\">\n<td class=\"v1item-left\" align=\"center\" valign=\"top\" width=\"175\"><a href=\"https:\/\/wijkwijzernoordoost.nl\/activiteit\/95431\/huis-in-de-wijk---filmavond--jeunes-m%C3%A8res-\" target=\"_blank\" rel=\"noopener noreferrer\"><img decoding=\"async\" src=\"https:\/\/imesmits.net\/ffd09c2e-b10a-11ed-9fd5-d7a7c9941cc6\/program\/resources\/blocked.gif\" alt=\"foto\" width=\"155\" \/><\/a><\/td>\n<td class=\"v1item-right\" valign=\"top\">\n<table cellspacing=\"0\" cellpadding=\"0\">\n<tbody>\n<tr>\n<td colspan=\"2\"><a href=\"https:\/\/wijkwijzernoordoost.nl\/activiteit\/95431\/huis-in-de-wijk---filmavond--jeunes-m%C3%A8res-\" target=\"_blank\" rel=\"noopener noreferrer\">Huis in de Wijk &#8211; Filmavond &#8220;Jeunes M\u00e8res&#8221;<\/a><\/td>\n<td align=\"right\"><\/td>\n<\/tr>\n<tr>\n<td colspan=\"2\"><a href=\"https:\/\/wijkwijzernoordoost.nl\/activiteit\/95431\/huis-in-de-wijk---filmavond--jeunes-m%C3%A8res-\" target=\"_blank\" rel=\"noopener noreferrer\"><b>woensdag 17 december 2025<\/b>\u00a019:30 uur, Tuindorpkerk<\/a><\/td>\n<\/tr>\n<tr>\n<td colspan=\"2\">&nbsp;<\/p>\n<p><a href=\"https:\/\/wijkwijzernoordoost.nl\/activiteit\/95431\/huis-in-de-wijk---filmavond--jeunes-m%C3%A8res-\" target=\"_blank\" rel=\"noopener noreferrer\">Waar : \u00a0\u00a0\u00a0\u00a0\u00a0 \u00a0\u00a0\u00a0\u00a0\u00a0Tuindorpkerk, Huis in de Wijk, Prof Suringalaan 1 Wanneer:\u00a0 \u00a0 \u00a0 \u00a0Woensdag 17 december 20.00 uur \u00a0 \u00a0 \u00a0 \u00a0 \u00a0 \u00a0 \u00a0 \u00a0 \u00a0 \u00a0 \u00a0 \u00a0Zaal open: vanaf 19.30 uur Toegang: \u00a0 \u00a0 \u00a0 \u20ac 5 (inclusief hapje en drankje na afloop) Aanmelden verplicht bij Wim Verk&#8230;<\/a><\/td>\n<\/tr>\n<\/tbody>\n<\/table>\n<\/td>\n<\/tr>\n<\/tbody>\n<\/table>\n<table cellspacing=\"0\" cellpadding=\"0\">\n<tbody>\n<tr class=\"v1item\">\n<td class=\"v1item-left\" align=\"center\" valign=\"top\" width=\"175\"><a href=\"https:\/\/wijkwijzernoordoost.nl\/activiteit\/95473\/donderdagavond-eettafel---kerstdiner\" target=\"_blank\" rel=\"noopener noreferrer\"><img decoding=\"async\" src=\"https:\/\/imesmits.net\/ffd09c2e-b10a-11ed-9fd5-d7a7c9941cc6\/program\/resources\/blocked.gif\" alt=\"foto\" width=\"155\" \/><\/a><\/td>\n<td class=\"v1item-right\" valign=\"top\">\n<table cellspacing=\"0\" cellpadding=\"0\">\n<tbody>\n<tr>\n<td colspan=\"2\"><a href=\"https:\/\/wijkwijzernoordoost.nl\/activiteit\/95473\/donderdagavond-eettafel---kerstdiner\" target=\"_blank\" rel=\"noopener noreferrer\">Donderdagavond eettafel &#8211; Kerstdiner<\/a><\/td>\n<td align=\"right\"><\/td>\n<\/tr>\n<tr>\n<td colspan=\"2\"><a href=\"https:\/\/wijkwijzernoordoost.nl\/activiteit\/95473\/donderdagavond-eettafel---kerstdiner\" target=\"_blank\" rel=\"noopener noreferrer\"><b>donderdag 18 december 2025<\/b>\u00a018:00 uur, Buurtcentrum De Leeuw<\/a><\/td>\n<\/tr>\n<tr>\n<td colspan=\"2\">&nbsp;<\/p>\n<p><a href=\"https:\/\/wijkwijzernoordoost.nl\/activiteit\/95473\/donderdagavond-eettafel---kerstdiner\" target=\"_blank\" rel=\"noopener noreferrer\">De donderdagavond- eettafel van Buurtcentrum de Leeuw organiseert op 18 december een kerstdiner. Aanmelden kan bij Anne Spitsbaard, 06-53642865 of stuur een mail: annbenn@live.nl<\/a><\/td>\n<\/tr>\n<\/tbody>\n<\/table>\n<\/td>\n<\/tr>\n<\/tbody>\n<\/table>\n<table cellspacing=\"0\" cellpadding=\"0\">\n<tbody>\n<tr class=\"v1item\">\n<td class=\"v1item-left\" align=\"center\" valign=\"top\" width=\"175\"><a href=\"https:\/\/wijkwijzernoordoost.nl\/activiteit\/93392\/muziekcaf%C3%A9-discover---pubquiz\" target=\"_blank\" rel=\"noopener noreferrer\"><img decoding=\"async\" src=\"https:\/\/imesmits.net\/ffd09c2e-b10a-11ed-9fd5-d7a7c9941cc6\/program\/resources\/blocked.gif\" alt=\"foto\" width=\"155\" \/><\/a><\/td>\n<td class=\"v1item-right\" valign=\"top\">\n<table cellspacing=\"0\" cellpadding=\"0\">\n<tbody>\n<tr>\n<td colspan=\"2\"><a href=\"https:\/\/wijkwijzernoordoost.nl\/activiteit\/93392\/muziekcaf%C3%A9-discover---pubquiz\" target=\"_blank\" rel=\"noopener noreferrer\">Muziekcaf\u00e9 Discover \u2013 Pubquiz<\/a><\/td>\n<td align=\"right\"><\/td>\n<\/tr>\n<tr>\n<td colspan=\"2\"><a href=\"https:\/\/wijkwijzernoordoost.nl\/activiteit\/93392\/muziekcaf%C3%A9-discover---pubquiz\" target=\"_blank\" rel=\"noopener noreferrer\"><b>vrijdag 19 december 2025<\/b>\u00a019:30 uur, Theater Zimihc Wittevrouwen<\/a><\/td>\n<\/tr>\n<tr>\n<td colspan=\"2\">&nbsp;<\/p>\n<p><a href=\"https:\/\/wijkwijzernoordoost.nl\/activiteit\/93392\/muziekcaf%C3%A9-discover---pubquiz\" target=\"_blank\" rel=\"noopener noreferrer\">Test je kennis tijdens deze muzikale pubquiz, voor en door de buurt gepresenteerd door Muziekcaf\u00e9 Discover! Na het succes van vorig jaar, keert de Muziekcaf\u00e9 Discover pubquiz dit jaar terug! Diverse teams strijden om de eer \u00e9n er zijn leuke prijzen t&#8230;<\/a><\/td>\n<\/tr>\n<\/tbody>\n<\/table>\n<\/td>\n<\/tr>\n<\/tbody>\n<\/table>\n<table cellspacing=\"0\" cellpadding=\"0\">\n<tbody>\n<tr class=\"v1item\">\n<td class=\"v1item-left\" align=\"center\" valign=\"top\" width=\"175\"><a href=\"https:\/\/wijkwijzernoordoost.nl\/activiteit\/87957\/repair-caf%C3%A9-de-gaard\" target=\"_blank\" rel=\"noopener noreferrer\"><img decoding=\"async\" src=\"https:\/\/imesmits.net\/ffd09c2e-b10a-11ed-9fd5-d7a7c9941cc6\/program\/resources\/blocked.gif\" alt=\"foto\" width=\"155\" \/><\/a><\/td>\n<td class=\"v1item-right\" valign=\"top\">\n<table cellspacing=\"0\" cellpadding=\"0\">\n<tbody>\n<tr>\n<td colspan=\"2\"><a href=\"https:\/\/wijkwijzernoordoost.nl\/activiteit\/87957\/repair-caf%C3%A9-de-gaard\" target=\"_blank\" rel=\"noopener noreferrer\">Repair Caf\u00e9 De Gaard<\/a><\/td>\n<td align=\"right\"><\/td>\n<\/tr>\n<tr>\n<td colspan=\"2\"><a href=\"https:\/\/wijkwijzernoordoost.nl\/activiteit\/87957\/repair-caf%C3%A9-de-gaard\" target=\"_blank\" rel=\"noopener noreferrer\"><b>zaterdag 20 december 2025<\/b>\u00a010:00 uur, Jeruzalemkerk<\/a><\/td>\n<\/tr>\n<tr>\n<td colspan=\"2\">&nbsp;<\/p>\n<p><a href=\"https:\/\/wijkwijzernoordoost.nl\/activiteit\/87957\/repair-caf%C3%A9-de-gaard\" target=\"_blank\" rel=\"noopener noreferrer\">Steek je graag de handen uit mouwen? Wil jij bijdragen aan een duurzame en sociale wijk? Doe mee met het Repair Caf\u00e9 Tuindorp bij Winkelcentrum De Gaard! Broodrooster kapot? Gaatje in je trui? In een Repair Caf\u00e9 worden kapotte spullen gerepareerd. L&#8230;<\/a><\/td>\n<\/tr>\n<\/tbody>\n<\/table>\n<\/td>\n<\/tr>\n<\/tbody>\n<\/table>\n<\/td>\n<td class=\"v1main_margin\" width=\"15\"><\/td>\n<\/tr>\n<tr>\n<td class=\"v1main_margin\" width=\"15\"><\/td>\n<td>Vooraankondigingen<\/td>\n<td class=\"v1main_margin\" width=\"15\"><\/td>\n<\/tr>\n<tr>\n<td class=\"v1main_margin\" width=\"15\"><\/td>\n<td>\n<table cellspacing=\"0\" cellpadding=\"0\">\n<tbody>\n<tr class=\"v1item\">\n<td class=\"v1item-left\" align=\"center\" valign=\"top\" width=\"175\"><a href=\"https:\/\/wijkwijzernoordoost.nl\/activiteit\/95405\/online-workshop-over-energie--meten-is-weten\" target=\"_blank\" rel=\"noopener noreferrer\"><img decoding=\"async\" src=\"https:\/\/imesmits.net\/ffd09c2e-b10a-11ed-9fd5-d7a7c9941cc6\/program\/resources\/blocked.gif\" alt=\"foto\" width=\"155\" \/><\/a><\/td>\n<td class=\"v1item-right\" valign=\"top\">\n<table cellspacing=\"0\" cellpadding=\"0\">\n<tbody>\n<tr>\n<td colspan=\"2\"><a href=\"https:\/\/wijkwijzernoordoost.nl\/activiteit\/95405\/online-workshop-over-energie--meten-is-weten\" target=\"_blank\" rel=\"noopener noreferrer\">Online workshop over energie: Meten is weten<\/a><\/td>\n<td align=\"right\"><\/td>\n<\/tr>\n<tr>\n<td colspan=\"2\"><a href=\"https:\/\/wijkwijzernoordoost.nl\/activiteit\/95405\/online-workshop-over-energie--meten-is-weten\" target=\"_blank\" rel=\"noopener noreferrer\"><b>donderdag 8 januari 2026<\/b>\u00a020:00 uur<\/a><\/td>\n<\/tr>\n<tr>\n<td colspan=\"2\">&nbsp;<\/p>\n<p><a href=\"https:\/\/wijkwijzernoordoost.nl\/activiteit\/95405\/online-workshop-over-energie--meten-is-weten\" target=\"_blank\" rel=\"noopener noreferrer\">Je kunt allerlei maatregelen nemen om je huis energiezuiniger te maken. Grote maatregelen zoals vloer, dak en spouwmuur isolatie. Kleine maatregelen, een nieuwe vriezer, je apparatuur uitzetten. Maar nog beter: je kunt je energieverbruik ook meten. H&#8230;<\/a><\/td>\n<\/tr>\n<\/tbody>\n<\/table>\n<\/td>\n<\/tr>\n<\/tbody>\n<\/table>\n<table cellspacing=\"0\" cellpadding=\"0\">\n<tbody>\n<tr class=\"v1item\">\n<td class=\"v1item-left\" align=\"center\" valign=\"top\" width=\"175\"><a href=\"https:\/\/wijkwijzernoordoost.nl\/activiteit\/95105\/basistraining---ontdek-de-werkwijze-van-schweigman-\" target=\"_blank\" rel=\"noopener noreferrer\"><img decoding=\"async\" src=\"https:\/\/imesmits.net\/ffd09c2e-b10a-11ed-9fd5-d7a7c9941cc6\/program\/resources\/blocked.gif\" alt=\"foto\" width=\"155\" \/><\/a><\/td>\n<td class=\"v1item-right\" valign=\"top\">\n<table cellspacing=\"0\" cellpadding=\"0\">\n<tbody>\n<tr>\n<td colspan=\"2\"><a href=\"https:\/\/wijkwijzernoordoost.nl\/activiteit\/95105\/basistraining---ontdek-de-werkwijze-van-schweigman-\" target=\"_blank\" rel=\"noopener noreferrer\">Basistraining &#8211; ontdek de werkwijze van Schweigman&amp;<\/a><\/td>\n<td align=\"right\"><\/td>\n<\/tr>\n<tr>\n<td colspan=\"2\"><a href=\"https:\/\/wijkwijzernoordoost.nl\/activiteit\/95105\/basistraining---ontdek-de-werkwijze-van-schweigman-\" target=\"_blank\" rel=\"noopener noreferrer\"><b>maandag 26 januari 2026<\/b>\u00a010:00 uur, Snijzaal Hoefijzerstraat<\/a><\/td>\n<\/tr>\n<tr>\n<td colspan=\"2\">&nbsp;<\/p>\n<p><a href=\"https:\/\/wijkwijzernoordoost.nl\/activiteit\/95105\/basistraining---ontdek-de-werkwijze-van-schweigman-\" target=\"_blank\" rel=\"noopener noreferrer\">Iedereen heeft het druk en ons piekerende hoofd maakt overuren. Schweigman&amp; nodigt je uit om de zintuigen te openen en weer te luisteren naar je lichaam, om zo dichterbij jezelf en bij elkaar te komen. Tijdens\u00a0de\u00a0 Basistraining \u00a0onderzoeken we wat het b&#8230;<\/a><\/td>\n<\/tr>\n<\/tbody>\n<\/table>\n<\/td>\n<\/tr>\n<\/tbody>\n<\/table>\n<\/td>\n<td class=\"v1main_margin\" width=\"15\"><\/td>\n<\/tr>\n<tr>\n<td class=\"v1main_margin\" width=\"15\"><\/td>\n<td>Naar deze mensen wordt gezocht<\/td>\n<td class=\"v1main_margin\" width=\"15\"><\/td>\n<\/tr>\n<tr>\n<td class=\"v1main_margin\" width=\"15\"><\/td>\n<td>\n<table cellspacing=\"0\" cellpadding=\"0\">\n<tbody>\n<tr class=\"v1item\">\n<td class=\"v1item-left\" align=\"center\" valign=\"top\" width=\"175\"><a href=\"https:\/\/wijkwijzernoordoost.nl\/vraag\/3482\/gezocht--oppas-voor-onze-zoon--5----dinsdag--en-donderdagmiddag\" target=\"_blank\" rel=\"noopener noreferrer\"><img decoding=\"async\" src=\"https:\/\/imesmits.net\/ffd09c2e-b10a-11ed-9fd5-d7a7c9941cc6\/program\/resources\/blocked.gif\" alt=\"foto\" width=\"155\" \/><\/a><\/td>\n<td class=\"v1item-right\" valign=\"top\">\n<table cellspacing=\"0\" cellpadding=\"0\">\n<tbody>\n<tr>\n<td colspan=\"2\"><a href=\"https:\/\/wijkwijzernoordoost.nl\/vraag\/3482\/gezocht--oppas-voor-onze-zoon--5----dinsdag--en-donderdagmiddag\" target=\"_blank\" rel=\"noopener noreferrer\">Gezocht: Oppas voor onze zoon (5) \u2013 dinsdag- en donderdagmiddag<\/a><\/td>\n<td align=\"right\"><\/td>\n<\/tr>\n<tr>\n<td colspan=\"2\">&nbsp;<\/p>\n<p><a href=\"https:\/\/wijkwijzernoordoost.nl\/vraag\/3482\/gezocht--oppas-voor-onze-zoon--5----dinsdag--en-donderdagmiddag\" target=\"_blank\" rel=\"noopener noreferrer\">Lieve oppas gezocht in Utrecht (Tuindorp Oost) Wij zijn een gezin met twee zoontjes van 5 en 1 jaar oud. Voor onze oudste zoon (5) zoeken we een naschoolse oppas aan huis op dinsdag en donderdag van ongeveer 15:00 tot maximaal 18:00 uur. Onze oudste &#8230;<\/a><\/td>\n<\/tr>\n<\/tbody>\n<\/table>\n<\/td>\n<\/tr>\n<\/tbody>\n<\/table>\n<\/td>\n<td class=\"v1main_margin\" width=\"15\"><\/td>\n<\/tr>\n<tr>\n<td class=\"v1main_margin\" width=\"15\"><\/td>\n<td>Overige berichten<\/td>\n<td class=\"v1main_margin\" width=\"15\"><\/td>\n<\/tr>\n<tr>\n<td class=\"v1main_margin\" width=\"15\"><\/td>\n<td>\n<table cellspacing=\"0\" cellpadding=\"0\">\n<tbody>\n<tr class=\"v1item\">\n<td class=\"v1item-left\" align=\"center\" valign=\"top\" width=\"175\"><a href=\"https:\/\/wijkwijzernoordoost.nl\/message\/104948\/-sociaal-caf%C3%A9--vonk-in-de-wijk\" target=\"_blank\" rel=\"noopener noreferrer\"><img decoding=\"async\" src=\"https:\/\/imesmits.net\/ffd09c2e-b10a-11ed-9fd5-d7a7c9941cc6\/program\/resources\/blocked.gif\" alt=\"foto\" width=\"155\" \/><\/a><\/td>\n<td class=\"v1item-right\" valign=\"top\">\n<table cellspacing=\"0\" cellpadding=\"0\">\n<tbody>\n<tr>\n<td colspan=\"2\"><a href=\"https:\/\/wijkwijzernoordoost.nl\/message\/104948\/-sociaal-caf%C3%A9--vonk-in-de-wijk\" target=\"_blank\" rel=\"noopener noreferrer\">&#8220;Sociaal caf\u00e9&#8221; Vonk in de wijk<\/a><\/td>\n<td align=\"right\"><\/td>\n<\/tr>\n<tr>\n<td colspan=\"2\">&nbsp;<\/p>\n<p><a href=\"https:\/\/wijkwijzernoordoost.nl\/message\/104948\/-sociaal-caf%C3%A9--vonk-in-de-wijk\" target=\"_blank\" rel=\"noopener noreferrer\">Wijkwijzer-redacteur Frans de Nooij ging lunchen bij Vonk. Tussen de huizen van de wijk Noordoost en het Griftpark vind je op Griftstraat 2 het nieuwe caf\u00e9 Vonk. Als je er binnenstapt tref je een aangenaam caf\u00e9 met veel tweepersoons zitjes maar ook g&#8230;<\/a><\/td>\n<\/tr>\n<\/tbody>\n<\/table>\n<\/td>\n<\/tr>\n<\/tbody>\n<\/table>\n<table cellspacing=\"0\" cellpadding=\"0\">\n<tbody>\n<tr class=\"v1item\">\n<td class=\"v1item-left\" align=\"center\" valign=\"top\" width=\"175\"><a href=\"https:\/\/wijkwijzernoordoost.nl\/message\/104946\/-informatieavond-aardgasvrij--met-leermomenten\" target=\"_blank\" rel=\"noopener noreferrer\"><img decoding=\"async\" src=\"https:\/\/imesmits.net\/ffd09c2e-b10a-11ed-9fd5-d7a7c9941cc6\/program\/resources\/blocked.gif\" alt=\"foto\" width=\"155\" \/><\/a><\/td>\n<td class=\"v1item-right\" valign=\"top\">\n<table cellspacing=\"0\" cellpadding=\"0\">\n<tbody>\n<tr>\n<td colspan=\"2\"><a href=\"https:\/\/wijkwijzernoordoost.nl\/message\/104946\/-informatieavond-aardgasvrij--met-leermomenten\" target=\"_blank\" rel=\"noopener noreferrer\">&#8216;Informatieavond aardgasvrij&#8217; met leermomenten<\/a><\/td>\n<td align=\"right\"><\/td>\n<\/tr>\n<tr>\n<td colspan=\"2\">&nbsp;<\/p>\n<p><a href=\"https:\/\/wijkwijzernoordoost.nl\/message\/104946\/-informatieavond-aardgasvrij--met-leermomenten\" target=\"_blank\" rel=\"noopener noreferrer\">Er moeten veel stoelen worden bijgehaald en achterin zitten mensen op tafels: de opkomst bij de &#8216;informatieavond aardgasvrij&#8217; in het schoolgebouw van Nimeto is veel hoger dan verwacht! Veel ge\u00efnteresseerde buurtbewoners, waarvan een groot deel al mee&#8230;<\/a><\/td>\n<\/tr>\n<\/tbody>\n<\/table>\n<\/td>\n<\/tr>\n<\/tbody>\n<\/table>\n<table cellspacing=\"0\" cellpadding=\"0\">\n<tbody>\n<tr class=\"v1item\">\n<td class=\"v1item-left\" align=\"center\" valign=\"top\" width=\"175\"><a href=\"https:\/\/wijkwijzernoordoost.nl\/message\/104913\/vervanging-verkeerslichten--verkeersregelaars-adelaarstraat\" target=\"_blank\" rel=\"noopener noreferrer\"><img decoding=\"async\" src=\"https:\/\/imesmits.net\/ffd09c2e-b10a-11ed-9fd5-d7a7c9941cc6\/program\/resources\/blocked.gif\" alt=\"foto\" width=\"155\" \/><\/a><\/td>\n<td class=\"v1item-right\" valign=\"top\">\n<table cellspacing=\"0\" cellpadding=\"0\">\n<tbody>\n<tr>\n<td colspan=\"2\"><a href=\"https:\/\/wijkwijzernoordoost.nl\/message\/104913\/vervanging-verkeerslichten--verkeersregelaars-adelaarstraat\" target=\"_blank\" rel=\"noopener noreferrer\">Vervanging verkeerslichten: verkeersregelaars Adelaarstraat<\/a><\/td>\n<td align=\"right\"><\/td>\n<\/tr>\n<tr>\n<td colspan=\"2\">&nbsp;<\/p>\n<p><a href=\"https:\/\/wijkwijzernoordoost.nl\/message\/104913\/vervanging-verkeerslichten--verkeersregelaars-adelaarstraat\" target=\"_blank\" rel=\"noopener noreferrer\">Vanaf maandag 8 december staan de verkeerslichten op het kruispunt bij de molen uit. De gemeente start dan met het vervangen van de verkeersregelautomaat tussen de Adelaarstraat, Merelstraat en Hopakker. Op woensdag 10 december zijn de werkzaamheden k&#8230;<\/a><\/td>\n<\/tr>\n<\/tbody>\n<\/table>\n<\/td>\n<\/tr>\n<\/tbody>\n<\/table>\n<table cellspacing=\"0\" cellpadding=\"0\">\n<tbody>\n<tr class=\"v1item\">\n<td class=\"v1item-left\" align=\"center\" valign=\"top\" width=\"175\"><a href=\"https:\/\/wijkwijzernoordoost.nl\/message\/104621\/biologische-boodschappen-ophalen-bij-de-stoepwinkel\" target=\"_blank\" rel=\"noopener noreferrer\"><img decoding=\"async\" src=\"https:\/\/imesmits.net\/ffd09c2e-b10a-11ed-9fd5-d7a7c9941cc6\/program\/resources\/blocked.gif\" alt=\"foto\" width=\"155\" \/><\/a><\/td>\n<td class=\"v1item-right\" valign=\"top\">\n<table cellspacing=\"0\" cellpadding=\"0\">\n<tbody>\n<tr>\n<td colspan=\"2\"><a href=\"https:\/\/wijkwijzernoordoost.nl\/message\/104621\/biologische-boodschappen-ophalen-bij-de-stoepwinkel\" target=\"_blank\" rel=\"noopener noreferrer\">Biologische boodschappen ophalen bij de stoepwinkel<\/a><\/td>\n<td align=\"right\"><\/td>\n<\/tr>\n<tr>\n<td colspan=\"2\">&nbsp;<\/p>\n<p><a href=\"https:\/\/wijkwijzernoordoost.nl\/message\/104621\/biologische-boodschappen-ophalen-bij-de-stoepwinkel\" target=\"_blank\" rel=\"noopener noreferrer\">De eerste keer is altijd spannend, maar wat was het gezellig om vrijdag al die mensen langs te krijgen bij het Kostershuis in Wittevrouwen om hun boodschappen op te halen. Een aantal schoof aan bij de vrijdagmiddagborrel om een drankje mee te drinken&#8230;<\/a><\/td>\n<\/tr>\n<\/tbody>\n<\/table>\n<\/td>\n<\/tr>\n<\/tbody>\n<\/table>\n<\/td>\n<\/tr>\n<\/tbody>\n<\/table>\n","protected":false},"excerpt":{"rendered":"<p>Een nieuwsbrief met een greep uit de agenda en de nieuwsberichten op Wijkwijzernoordoost! De site is voor en door bewoners, leuk dat steeds meer mensen de weg weten te vinden, zie bijvoorbeeld deze oproep van\u00a0volleybalclub Hands-Up. Op de site staat meer: zo zijn er\u00a0wijkwijzerkaarten\u00a0met verschillende thema&#8217;s. Om up-to-date het nieuwe jaar in te gaan zoeken &hellip; <a href=\"https:\/\/utrechtnoordwest.net\/f47d184a-febd-11ef-b56c-6b1e8a3c0b04\/nieuwsbrief-wijkwijzer-noordoost\/\" class=\"more-link\">Ga door met lezen van <span class=\"screen-reader-text\"> &#8220;Nieuwsbrief wijkwijzer Noordoost&#8221;<\/span><\/a><\/p>\n","protected":false},"author":466,"featured_media":0,"parent":0,"menu_order":0,"comment_status":"closed","ping_status":"closed","template":"","meta":{"_bbp_topic_count":0,"_bbp_reply_count":0,"_bbp_total_topic_count":0,"_bbp_total_reply_count":0,"_bbp_voice_count":0,"_bbp_anonymous_reply_count":0,"_bbp_topic_count_hidden":0,"_bbp_reply_count_hidden":0,"_bbp_forum_subforum_count":0,"footnotes":""},"class_list":["post-11533","page","type-page","status-publish","hentry"],"_links":{"self":[{"href":"https:\/\/utrechtnoordwest.net\/f47d184a-febd-11ef-b56c-6b1e8a3c0b04\/wp-json\/wp\/v2\/pages\/11533","targetHints":{"allow":["GET"]}}],"collection":[{"href":"https:\/\/utrechtnoordwest.net\/f47d184a-febd-11ef-b56c-6b1e8a3c0b04\/wp-json\/wp\/v2\/pages"}],"about":[{"href":"https:\/\/utrechtnoordwest.net\/f47d184a-febd-11ef-b56c-6b1e8a3c0b04\/wp-json\/wp\/v2\/types\/page"}],"author":[{"embeddable":true,"href":"https:\/\/utrechtnoordwest.net\/f47d184a-febd-11ef-b56c-6b1e8a3c0b04\/wp-json\/wp\/v2\/users\/466"}],"replies":[{"embeddable":true,"href":"https:\/\/utrechtnoordwest.net\/f47d184a-febd-11ef-b56c-6b1e8a3c0b04\/wp-json\/wp\/v2\/comments?post=11533"}],"version-history":[{"count":1,"href":"https:\/\/utrechtnoordwest.net\/f47d184a-febd-11ef-b56c-6b1e8a3c0b04\/wp-json\/wp\/v2\/pages\/11533\/revisions"}],"predecessor-version":[{"id":11535,"href":"https:\/\/utrechtnoordwest.net\/f47d184a-febd-11ef-b56c-6b1e8a3c0b04\/wp-json\/wp\/v2\/pages\/11533\/revisions\/11535"}],"wp:attachment":[{"href":"https:\/\/utrechtnoordwest.net\/f47d184a-febd-11ef-b56c-6b1e8a3c0b04\/wp-json\/wp\/v2\/media?parent=11533"}],"curies":[{"name":"wp","href":"https:\/\/api.w.org\/{rel}","templated":true}]}}